{"id":79049,"date":"2024-11-19T09:58:04","date_gmt":"2024-11-19T08:58:04","guid":{"rendered":"https:\/\/www.sprachschule-aktiv-muenchen.de\/?page_id=79049"},"modified":"2024-12-03T22:48:35","modified_gmt":"2024-12-03T21:48:35","slug":"cursuri-de-germana-in-weekend-la-sprachschule-aktiv-muenchen","status":"publish","type":"page","link":"https:\/\/www.sprachschule-aktiv-muenchen.de\/ro\/cursuri-de-germana-in-weekend-la-sprachschule-aktiv-muenchen\/","title":{"rendered":"Cursuri de german\u0103 \u00een weekend la Sprachschule Aktiv M\u00fcnchen"},"content":{"rendered":"<p>[vc_row css=&#8221;.vc_custom_1731930040167{margin-top: 40px !important;}&#8221;][vc_column][vc_column_text]<\/p>\n<h1>Cursuri de german\u0103 \u00een weekend la Sprachschule Aktiv M\u00fcnchen<\/h1>\n<p>[\/vc_column_text][vc_row_inner][vc_column_inner width=&#8221;1\/2&#8243;][vc_single_image image=&#8221;79052&#8243; img_size=&#8221;full&#8221;][\/vc_column_inner][vc_column_inner width=&#8221;1\/2&#8243;][vc_column_text]C\u0103uta\u021bi o modalitate eficient\u0103 \u0219i flexibil\u0103 de a v\u0103 \u00eembun\u0103t\u0103\u021bi cuno\u0219tin\u021bele de german\u0103? Cursurile noastre de german\u0103 \u00een weekend la Sprachschule Aktiv M\u00fcnchen sunt solu\u021bia perfect\u0103. Oferim cursuri intensive de german\u0103 s\u00e2mb\u0103ta pentru toate nivelurile, de la A1.1 la C2.2, care v\u0103 permit s\u0103 atinge\u021bi jum\u0103tate de nivel de competen\u021b\u0103 \u00een doar patru s\u0103pt\u0103m\u00e2ni.[\/vc_column_text]\t<div class=\"vc_btn3-container vc_btn3-inline\">\r\n\t\t<a href=\"https:\/\/www.sprachschule-aktiv-muenchen.de\/ro\/inregistreaza-te\/\" class=\"pgs_btn pgs_btn_style_1 pgs_btn_xl\">\r\n\t\t\t<span>\r\n\t\t\t\tRezerv\u0103 acum!\t\t\t<\/span>\r\n\t\t\t\t\t<\/a>\r\n\t<\/div>\r\n\t[\/vc_column_inner][\/vc_row_inner][\/vc_column][\/vc_row][vc_row css=&#8221;.vc_custom_1731930081930{margin-top: 40px !important;}&#8221;][vc_column][vc_column_text]<\/p>\n<h2>De ce cursurile noastre de german\u0103 sunt cea mai bun\u0103 alegere:<\/h2>\n<p>[\/vc_column_text][vc_row_inner css=&#8221;.vc_custom_1731930186511{margin-top: 40px !important;}&#8221;][vc_column_inner width=&#8221;1\/3&#8243; css=&#8221;.vc_custom_1731930439103{padding-top: 25px !important;padding-right: 25px !important;padding-bottom: 10px !important;padding-left: 25px !important;background-color: #f8f8f8 !important;}&#8221;][vc_icon icon_fontawesome=&#8221;fas fa-check-double&#8221; color=&#8221;custom&#8221; size=&#8221;xl&#8221; align=&#8221;center&#8221; custom_color=&#8221;#7ba95f&#8221; css=&#8221;.vc_custom_1731930313201{padding-top: 25px !important;}&#8221;][vc_column_text]<\/p>\n<h3>Flexibilitate \u0219i eficien\u021b\u0103<\/h3>\n<p>Cursurile noastre de weekend sunt ideale pentru persoanele care lucreaz\u0103 \u0219i studen\u021bi, care sunt ocupa\u021bi \u00een timpul s\u0103pt\u0103m\u00e2nii. \u00cenv\u0103\u021ba\u021bi german\u0103 s\u00e2mb\u0103ta \u0219i realiza\u021bi progrese rapide f\u0103r\u0103 a v\u0103 neglija obliga\u021biile zilnice.[\/vc_column_text][\/vc_column_inner][vc_column_inner width=&#8221;1\/3&#8243;][vc_icon icon_fontawesome=&#8221;fas fa-chalkboard-teacher&#8221; color=&#8221;custom&#8221; size=&#8221;xl&#8221; align=&#8221;center&#8221; custom_color=&#8221;#7ba95f&#8221; css=&#8221;.vc_custom_1731930367930{padding-top: 25px !important;}&#8221;][vc_column_text]<\/p>\n<h3>Profesori competen\u021bi<\/h3>\n<p>La noi, predau profesori experimenta\u021bi \u0219i foarte califica\u021bi, care folosesc metode moderne \u0219i interactive de predare. Ve\u021bi beneficia de aten\u021bie individual\u0103 \u0219i feedback valoros pentru a v\u0103 atinge obiectivele lingvistice.[\/vc_column_text][\/vc_column_inner][vc_column_inner width=&#8221;1\/3&#8243; css=&#8221;.vc_custom_1731930422511{padding-right: 25px !important;padding-bottom: 10px !important;padding-left: 25px !important;background-color: #f8f8f8 !important;}&#8221;][vc_icon icon_fontawesome=&#8221;fas fa-users&#8221; color=&#8221;custom&#8221; size=&#8221;xl&#8221; align=&#8221;center&#8221; custom_color=&#8221;#7ba95f&#8221; css=&#8221;.vc_custom_1731930405288{padding-top: 25px !important;}&#8221;][vc_column_text]<\/p>\n<h3>Dimensiuni optime ale grupelor<\/h3>\n<p>Cursurile noastre se desf\u0103\u0219oar\u0103 \u00een grupuri mici, ceea ce creeaz\u0103 o atmosfer\u0103 eficient\u0103 de \u00eenv\u0103\u021bare \u0219i permite o abordare individualizat\u0103.[\/vc_column_text][\/vc_column_inner][\/vc_row_inner][vc_row_inner][vc_column_inner width=&#8221;1\/3&#8243;][vc_icon icon_fontawesome=&#8221;fas fa-map-marker-alt&#8221; color=&#8221;custom&#8221; size=&#8221;xl&#8221; align=&#8221;center&#8221; custom_color=&#8221;#7ba95f&#8221; css=&#8221;.vc_custom_1731930535525{padding-top: 25px !important;}&#8221;][vc_column_text]<\/p>\n<h3>Loca\u021bie central\u0103<\/h3>\n<p>Sprachschule Aktiv M\u00fcnchen este situat\u0103 central \u0219i este bine conectat\u0103 la transportul public, ceea ce face mai u\u0219or s\u0103 ajunge\u021bi la cursuri.[\/vc_column_text][\/vc_column_inner][vc_column_inner width=&#8221;1\/3&#8243; css=&#8221;.vc_custom_1731930439103{padding-top: 25px !important;padding-right: 25px !important;padding-bottom: 10px !important;padding-left: 25px !important;background-color: #f8f8f8 !important;}&#8221;][vc_icon icon_fontawesome=&#8221;fas fa-graduation-cap&#8221; color=&#8221;custom&#8221; size=&#8221;xl&#8221; align=&#8221;center&#8221; custom_color=&#8221;#7ba95f&#8221; css=&#8221;.vc_custom_1731930493333{padding-top: 25px !important;}&#8221;][vc_column_text]<\/p>\n<h3>\u00cenv\u0103\u021bare intensiv\u0103<\/h3>\n<p>Datorit\u0103 cursurilor noastre bine structurate \u0219i intensive de s\u00e2mb\u0103t\u0103, ve\u021bi realiza progrese semnificative \u00eentr-un timp scurt. \u00cen doar patru s\u0103pt\u0103m\u00e2ni, pute\u021bi avansa cu jum\u0103tate de nivel de competen\u021b\u0103.[\/vc_column_text][\/vc_column_inner][vc_column_inner width=&#8221;1\/3&#8243;][\/vc_column_inner][\/vc_row_inner][\/vc_column][\/vc_row][vc_row css=&#8221;.vc_custom_1731930582176{margin-top: 40px !important;}&#8221;][vc_column][vc_column_text]\n<table id=\"tablepress-215\" class=\"tablepress tablepress-id-215 tablepress-responsive\">\n<thead>\n<tr class=\"row-1\">\n\t<th class=\"column-1\">LUN\u0102<\/th><th class=\"column-2\">\u00ceNCEPUTUL CURSULUI<\/th><th class=\"column-3\">DATE<\/th><th class=\"column-4\">ORE<\/th><th class=\"column-5\">DURAT\u0102<\/th><th class=\"column-6\">PRE\u021a<\/th>\n<\/tr>\n<\/thead>\n<tbody class=\"row-striping row-hover\">\n<tr class=\"row-2\">\n\t<td class=\"column-1\"><\/td><td class=\"column-2\"><\/td><td class=\"column-3\"><\/td><td class=\"column-4\"><\/td><td class=\"column-5\"><\/td><td class=\"column-6\"><\/td>\n<\/tr>\n<tr class=\"row-3\">\n\t<td class=\"column-1\">Ianuarie<\/td><td class=\"column-2\">11.01.2025<\/td><td class=\"column-3\">s\u00e2mb\u0103ta<\/td><td class=\"column-4\">de la 9:00 la 12:45<\/td><td class=\"column-5\">4 s\u0103pt\u0103m\u00e2ni<\/td><td class=\"column-6\">269,00 \u20ac<\/td>\n<\/tr>\n<tr class=\"row-4\">\n\t<td class=\"column-1\">Februarie<\/td><td class=\"column-2\">08.02.2025<\/td><td class=\"column-3\">s\u00e2mb\u0103ta<\/td><td class=\"column-4\">de la 9:00 la 12:45<\/td><td class=\"column-5\">4 s\u0103pt\u0103m\u00e2ni<\/td><td class=\"column-6\">269,00 \u20ac<\/td>\n<\/tr>\n<tr class=\"row-5\">\n\t<td class=\"column-1\">Martie<\/td><td class=\"column-2\">08.03.2025<\/td><td class=\"column-3\">s\u00e2mb\u0103ta<\/td><td class=\"column-4\">de la 9:00 la 12:45<\/td><td class=\"column-5\">4 s\u0103pt\u0103m\u00e2ni<\/td><td class=\"column-6\">269,00 \u20ac<\/td>\n<\/tr>\n<tr class=\"row-6\">\n\t<td class=\"column-1\">Aprilie<\/td><td class=\"column-2\">05.04.2025<\/td><td class=\"column-3\">s\u00e2mb\u0103ta<\/td><td class=\"column-4\">de la 9:00 la 12:45<\/td><td class=\"column-5\">4 s\u0103pt\u0103m\u00e2ni<\/td><td class=\"column-6\">269,00 \u20ac<\/td>\n<\/tr>\n<tr class=\"row-7\">\n\t<td class=\"column-1\">Mai<\/td><td class=\"column-2\">10.05.2025<\/td><td class=\"column-3\">s\u00e2mb\u0103ta<\/td><td class=\"column-4\">de la 9:00 la 12:45<\/td><td class=\"column-5\">4 s\u0103pt\u0103m\u00e2ni<\/td><td class=\"column-6\">269,00 \u20ac<\/td>\n<\/tr>\n<tr class=\"row-8\">\n\t<td class=\"column-1\">Iunie<\/td><td class=\"column-2\">07.06.2025<\/td><td class=\"column-3\">s\u00e2mb\u0103ta<\/td><td class=\"column-4\">de la 9:00 la 12:45<\/td><td class=\"column-5\">4 s\u0103pt\u0103m\u00e2ni<\/td><td class=\"column-6\">269,00 \u20ac<\/td>\n<\/tr>\n<tr class=\"row-9\">\n\t<td class=\"column-1\">Iulie<\/td><td class=\"column-2\">05.07.2025<\/td><td class=\"column-3\">s\u00e2mb\u0103ta<\/td><td class=\"column-4\">de la 9:00 la 12:45<\/td><td class=\"column-5\">4 s\u0103pt\u0103m\u00e2ni<\/td><td class=\"column-6\">269,00 \u20ac<\/td>\n<\/tr>\n<tr class=\"row-10\">\n\t<td class=\"column-1\">August<\/td><td class=\"column-2\">02.08.2025<\/td><td class=\"column-3\">s\u00e2mb\u0103ta<\/td><td class=\"column-4\">de la 9:00 la 12:45<\/td><td class=\"column-5\">4 s\u0103pt\u0103m\u00e2ni<\/td><td class=\"column-6\">269,00 \u20ac<\/td>\n<\/tr>\n<tr class=\"row-11\">\n\t<td class=\"column-1\">Septembrie<\/td><td class=\"column-2\">06.09.2025<\/td><td class=\"column-3\">s\u00e2mb\u0103ta<\/td><td class=\"column-4\">de la 9:00 la 12:45<\/td><td class=\"column-5\">4 s\u0103pt\u0103m\u00e2ni<\/td><td class=\"column-6\">269,00 \u20ac<\/td>\n<\/tr>\n<tr class=\"row-12\">\n\t<td class=\"column-1\">Octombrie<\/td><td class=\"column-2\">04.10.2025<\/td><td class=\"column-3\">s\u00e2mb\u0103ta<\/td><td class=\"column-4\">de la 9:00 la 12:45<\/td><td class=\"column-5\">4 s\u0103pt\u0103m\u00e2ni<\/td><td class=\"column-6\">269,00 \u20ac<\/td>\n<\/tr>\n<tr class=\"row-13\">\n\t<td class=\"column-1\">Noiembrie<\/td><td class=\"column-2\">08.11.2025<\/td><td class=\"column-3\">s\u00e2mb\u0103ta<\/td><td class=\"column-4\">de la 9:00 la 12:45<\/td><td class=\"column-5\">4 s\u0103pt\u0103m\u00e2ni<\/td><td class=\"column-6\">269,00 \u20ac<\/td>\n<\/tr>\n<tr class=\"row-14\">\n\t<td class=\"column-1\">Decembrie<\/td><td class=\"column-2\">29.11.2025*<\/td><td class=\"column-3\">s\u00e2mb\u0103ta<\/td><td class=\"column-4\">de la 9:00 la 12:45<\/td><td class=\"column-5\">4 s\u0103pt\u0103m\u00e2ni<\/td><td class=\"column-6\">269,00 \u20ac<\/td>\n<\/tr>\n<\/tbody>\n<\/table>\n<!-- #tablepress-215 from cache -->[\/vc_column_text][\/vc_column][\/vc_row][vc_row css=&#8221;.vc_custom_1731930081930{margin-top: 40px !important;}&#8221;][vc_column][vc_column_text]<\/p>\n<h2>Detalii curs<\/h2>\n<p>[\/vc_column_text][vc_row_inner css=&#8221;.vc_custom_1731930186511{margin-top: 40px !important;}&#8221;][vc_column_inner width=&#8221;1\/4&#8243; css=&#8221;.vc_custom_1731930439103{padding-top: 25px !important;padding-right: 25px !important;padding-bottom: 10px !important;padding-left: 25px !important;background-color: #f8f8f8 !important;}&#8221;][vc_icon icon_fontawesome=&#8221;far fa-calendar-alt&#8221; color=&#8221;custom&#8221; size=&#8221;xl&#8221; align=&#8221;center&#8221; custom_color=&#8221;#7ba95f&#8221; css=&#8221;.vc_custom_1731930901077{padding-top: 25px !important;}&#8221;][vc_column_text]<\/p>\n<h3>Durata<\/h3>\n<p>4 s\u0103pt\u0103m\u00e2ni (s\u00e2mb\u0103ta)[\/vc_column_text][\/vc_column_inner][vc_column_inner width=&#8221;1\/4&#8243;][vc_icon icon_fontawesome=&#8221;fas fa-map-marker-alt&#8221; color=&#8221;custom&#8221; size=&#8221;xl&#8221; align=&#8221;center&#8221; custom_color=&#8221;#7ba95f&#8221; css=&#8221;.vc_custom_1731930535525{padding-top: 25px !important;}&#8221;][vc_column_text]<\/p>\n<h3>Loca\u021bia cursului<\/h3>\n<p>He\u00dfstra\u00dfe 90, 80797 M\u00fcnchen[\/vc_column_text][\/vc_column_inner][vc_column_inner width=&#8221;1\/4&#8243; css=&#8221;.vc_custom_1731930422511{padding-right: 25px !important;padding-bottom: 10px !important;padding-left: 25px !important;background-color: #f8f8f8 !important;}&#8221;][vc_icon icon_fontawesome=&#8221;far fa-calendar-alt&#8221; color=&#8221;custom&#8221; size=&#8221;xl&#8221; align=&#8221;center&#8221; custom_color=&#8221;#7ba95f&#8221; css=&#8221;.vc_custom_1731930977887{padding-top: 25px !important;}&#8221;][vc_column_text]<\/p>\n<h3>Date de \u00eencepere<\/h3>\n<p>prima s\u00e2mb\u0103t\u0103 a lunii[\/vc_column_text][\/vc_column_inner][vc_column_inner width=&#8221;1\/4&#8243;][vc_icon icon_fontawesome=&#8221;fas fa-euro-sign&#8221; color=&#8221;custom&#8221; size=&#8221;xl&#8221; align=&#8221;center&#8221; custom_color=&#8221;#7ba95f&#8221; css=&#8221;.vc_custom_1731931075799{padding-top: 25px !important;}&#8221;][vc_column_text]<\/p>\n<h3>Pret<\/h3>\n<p>249 euro (20 lectii)[\/vc_column_text][\/vc_column_inner][\/vc_row_inner][vc_row_inner][vc_column_inner width=&#8221;1\/4&#8243;][vc_icon icon_fontawesome=&#8221;fas fa-level-up-alt&#8221; color=&#8221;custom&#8221; size=&#8221;xl&#8221; align=&#8221;center&#8221; custom_color=&#8221;#7ba95f&#8221; css=&#8221;.vc_custom_1731930922989{padding-top: 25px !important;}&#8221;][vc_column_text]<\/p>\n<h3>Nivele<\/h3>\n<p>A1.1 p\u00e2n\u0103 la C2.2[\/vc_column_text][\/vc_column_inner][vc_column_inner width=&#8221;1\/4&#8243; css=&#8221;.vc_custom_1731930439103{padding-top: 25px !important;padding-right: 25px !important;padding-bottom: 10px !important;padding-left: 25px !important;background-color: #f8f8f8 !important;}&#8221;][vc_icon icon_fontawesome=&#8221;far fa-clock&#8221; color=&#8221;custom&#8221; size=&#8221;xl&#8221; align=&#8221;center&#8221; custom_color=&#8221;#7ba95f&#8221; css=&#8221;.vc_custom_1731931024013{padding-top: 25px !important;}&#8221;][vc_column_text]<\/p>\n<h3>Orele cursului<\/h3>\n<p>9:00 \u2013 12:45 (9:00 \u2013 11:30 cu 2 participan\u021bi)[\/vc_column_text][\/vc_column_inner][vc_column_inner width=&#8221;1\/4&#8243;][\/vc_column_inner][vc_column_inner width=&#8221;1\/4&#8243;][\/vc_column_inner][\/vc_row_inner][\/vc_column][\/vc_row][vc_row css=&#8221;.vc_custom_1731930582176{margin-top: 40px !important;}&#8221;][vc_column][vc_column_text]\u00cembun\u0103t\u0103\u021bi\u021bi-v\u0103 cuno\u0219tin\u021bele de german\u0103 eficient \u0219i flexibil cu cursurile noastre de weekend la Sprachschule Aktiv M\u00fcnchen. Vizita\u021bi site-ul nostru sau contacta\u021bi-ne pentru mai multe informa\u021bii \u0219i pentru \u00eenscriere. Face\u021bi urm\u0103torul pas pe drumul spre st\u0103p\u00e2nirea limbii![\/vc_column_text][\/vc_column][\/vc_row]<\/p>\n","protected":false},"excerpt":{"rendered":"<p>[vc_row css=&#8221;.vc_custom_1731930040167{margin-top: 40px !important;}&#8221;][vc_column][vc_column_text] Cursuri de german\u0103 \u00een weekend la Sprachschule Aktiv M\u00fcnchen [\/vc_column_text][vc_row_inner][vc_column_inner width=&#8221;1\/2&#8243;][vc_single_image image=&#8221;79052&#8243; img_size=&#8221;full&#8221;][\/vc_column_inner][vc_column_inner width=&#8221;1\/2&#8243;][vc_column_text]C\u0103uta\u021bi o modalitate eficient\u0103 \u0219i flexibil\u0103 de a v\u0103 \u00eembun\u0103t\u0103\u021bi cuno\u0219tin\u021bele de german\u0103? Cursurile noastre de german\u0103 \u00een weekend la Sprachschule Aktiv M\u00fcnchen sunt solu\u021bia perfect\u0103. Oferim cursuri intensive de german\u0103 s\u00e2mb\u0103ta pentru toate nivelurile, de la A1.1&hellip; <a class=\"read-more\" href=\"https:\/\/www.sprachschule-aktiv-muenchen.de\/ro\/cursuri-de-germana-in-weekend-la-sprachschule-aktiv-muenchen\/\" title=\"Read Cursuri de german\u0103 \u00een weekend la Sprachschule Aktiv M\u00fcnchen\">Read more &raquo;<\/a><\/p>\n","protected":false},"author":7,"featured_media":0,"parent":0,"menu_order":0,"comment_status":"closed","ping_status":"closed","template":"","meta":{"footnotes":""},"class_list":["post-79049","page","type-page","status-publish","hentry"],"yoast_head":"<!-- This site is optimized with the Yoast SEO plugin v27.1.1 - https:\/\/yoast.com\/product\/yoast-seo-wordpress\/ -->\n<title>Cursuri de german\u0103 \u00een weekend la Sprachschule Aktiv M\u00fcnchen<\/title>\n<meta name=\"description\" content=\"Cursuri de german\u0103 \u00een weekend la Sprachschule Aktiv M\u00fcnchen: \u00cembun\u0103t\u0103\u021be\u0219te-\u021bi abilit\u0103\u021bile de limba german\u0103 \u00eentr-un mediu flexibil \u0219i dinamic. Cursuri intensive \u00een weekend pentru toate nivelurile, \u00eentr-o \u0219coal\u0103 de limb\u0103 de top \u00een M\u00fcnchen.\" \/>\n<meta name=\"robots\" content=\"index, follow, max-snippet:-1, max-image-preview:large, max-video-preview:-1\" \/>\n<link rel=\"canonical\" href=\"https:\/\/www.sprachschule-aktiv-muenchen.de\/ro\/cursuri-de-germana-in-weekend-la-sprachschule-aktiv-muenchen\/\" \/>\n<meta property=\"og:locale\" content=\"ro_RO\" \/>\n<meta property=\"og:type\" content=\"article\" \/>\n<meta property=\"og:title\" content=\"Cursuri de german\u0103 \u00een weekend la Sprachschule Aktiv M\u00fcnchen\" \/>\n<meta property=\"og:description\" content=\"Cursuri de german\u0103 \u00een weekend la Sprachschule Aktiv M\u00fcnchen: \u00cembun\u0103t\u0103\u021be\u0219te-\u021bi abilit\u0103\u021bile de limba german\u0103 \u00eentr-un mediu flexibil \u0219i dinamic. Cursuri intensive \u00een weekend pentru toate nivelurile, \u00eentr-o \u0219coal\u0103 de limb\u0103 de top \u00een M\u00fcnchen.\" \/>\n<meta property=\"og:url\" content=\"https:\/\/www.sprachschule-aktiv-muenchen.de\/ro\/cursuri-de-germana-in-weekend-la-sprachschule-aktiv-muenchen\/\" \/>\n<meta property=\"og:site_name\" content=\"Sprachschule Aktiv\" \/>\n<meta property=\"article:modified_time\" content=\"2024-12-03T21:48:35+00:00\" \/>\n<meta name=\"twitter:card\" content=\"summary_large_image\" \/>\n<meta name=\"twitter:label1\" content=\"Timp estimat pentru citire\" \/>\n\t<meta name=\"twitter:data1\" content=\"4 minute\" \/>\n<script type=\"application\/ld+json\" class=\"yoast-schema-graph\">{\"@context\":\"https:\/\/schema.org\",\"@graph\":[{\"@type\":\"WebPage\",\"@id\":\"https:\/\/www.sprachschule-aktiv-muenchen.de\/ro\/cursuri-de-germana-in-weekend-la-sprachschule-aktiv-muenchen\/\",\"url\":\"https:\/\/www.sprachschule-aktiv-muenchen.de\/ro\/cursuri-de-germana-in-weekend-la-sprachschule-aktiv-muenchen\/\",\"name\":\"Cursuri de german\u0103 \u00een weekend la Sprachschule Aktiv M\u00fcnchen\",\"isPartOf\":{\"@id\":\"https:\/\/www.sprachschule-aktiv-muenchen.de\/#website\"},\"datePublished\":\"2024-11-19T08:58:04+00:00\",\"dateModified\":\"2024-12-03T21:48:35+00:00\",\"description\":\"Cursuri de german\u0103 \u00een weekend la Sprachschule Aktiv M\u00fcnchen: \u00cembun\u0103t\u0103\u021be\u0219te-\u021bi abilit\u0103\u021bile de limba german\u0103 \u00eentr-un mediu flexibil \u0219i dinamic. Cursuri intensive \u00een weekend pentru toate nivelurile, \u00eentr-o \u0219coal\u0103 de limb\u0103 de top \u00een M\u00fcnchen.\",\"breadcrumb\":{\"@id\":\"https:\/\/www.sprachschule-aktiv-muenchen.de\/ro\/cursuri-de-germana-in-weekend-la-sprachschule-aktiv-muenchen\/#breadcrumb\"},\"inLanguage\":\"ro-RO\",\"potentialAction\":[{\"@type\":\"ReadAction\",\"target\":[\"https:\/\/www.sprachschule-aktiv-muenchen.de\/ro\/cursuri-de-germana-in-weekend-la-sprachschule-aktiv-muenchen\/\"]}]},{\"@type\":\"BreadcrumbList\",\"@id\":\"https:\/\/www.sprachschule-aktiv-muenchen.de\/ro\/cursuri-de-germana-in-weekend-la-sprachschule-aktiv-muenchen\/#breadcrumb\",\"itemListElement\":[{\"@type\":\"ListItem\",\"position\":1,\"name\":\"Portada\",\"item\":\"https:\/\/www.sprachschule-aktiv-muenchen.de\/ro\/\"},{\"@type\":\"ListItem\",\"position\":2,\"name\":\"Cursuri de german\u0103 \u00een weekend la Sprachschule Aktiv M\u00fcnchen\"}]},{\"@type\":\"WebSite\",\"@id\":\"https:\/\/www.sprachschule-aktiv-muenchen.de\/#website\",\"url\":\"https:\/\/www.sprachschule-aktiv-muenchen.de\/\",\"name\":\"Sprachschule Aktiv\",\"description\":\"\",\"potentialAction\":[{\"@type\":\"SearchAction\",\"target\":{\"@type\":\"EntryPoint\",\"urlTemplate\":\"https:\/\/www.sprachschule-aktiv-muenchen.de\/?s={search_term_string}\"},\"query-input\":{\"@type\":\"PropertyValueSpecification\",\"valueRequired\":true,\"valueName\":\"search_term_string\"}}],\"inLanguage\":\"ro-RO\"}]}<\/script>\n<!-- \/ Yoast SEO plugin. -->","yoast_head_json":{"title":"Cursuri de german\u0103 \u00een weekend la Sprachschule Aktiv M\u00fcnchen","description":"Cursuri de german\u0103 \u00een weekend la Sprachschule Aktiv M\u00fcnchen: \u00cembun\u0103t\u0103\u021be\u0219te-\u021bi abilit\u0103\u021bile de limba german\u0103 \u00eentr-un mediu flexibil \u0219i dinamic. Cursuri intensive \u00een weekend pentru toate nivelurile, \u00eentr-o \u0219coal\u0103 de limb\u0103 de top \u00een M\u00fcnchen.","robots":{"index":"index","follow":"follow","max-snippet":"max-snippet:-1","max-image-preview":"max-image-preview:large","max-video-preview":"max-video-preview:-1"},"canonical":"https:\/\/www.sprachschule-aktiv-muenchen.de\/ro\/cursuri-de-germana-in-weekend-la-sprachschule-aktiv-muenchen\/","og_locale":"ro_RO","og_type":"article","og_title":"Cursuri de german\u0103 \u00een weekend la Sprachschule Aktiv M\u00fcnchen","og_description":"Cursuri de german\u0103 \u00een weekend la Sprachschule Aktiv M\u00fcnchen: \u00cembun\u0103t\u0103\u021be\u0219te-\u021bi abilit\u0103\u021bile de limba german\u0103 \u00eentr-un mediu flexibil \u0219i dinamic. Cursuri intensive \u00een weekend pentru toate nivelurile, \u00eentr-o \u0219coal\u0103 de limb\u0103 de top \u00een M\u00fcnchen.","og_url":"https:\/\/www.sprachschule-aktiv-muenchen.de\/ro\/cursuri-de-germana-in-weekend-la-sprachschule-aktiv-muenchen\/","og_site_name":"Sprachschule Aktiv","article_modified_time":"2024-12-03T21:48:35+00:00","twitter_card":"summary_large_image","twitter_misc":{"Timp estimat pentru citire":"4 minute"},"schema":{"@context":"https:\/\/schema.org","@graph":[{"@type":"WebPage","@id":"https:\/\/www.sprachschule-aktiv-muenchen.de\/ro\/cursuri-de-germana-in-weekend-la-sprachschule-aktiv-muenchen\/","url":"https:\/\/www.sprachschule-aktiv-muenchen.de\/ro\/cursuri-de-germana-in-weekend-la-sprachschule-aktiv-muenchen\/","name":"Cursuri de german\u0103 \u00een weekend la Sprachschule Aktiv M\u00fcnchen","isPartOf":{"@id":"https:\/\/www.sprachschule-aktiv-muenchen.de\/#website"},"datePublished":"2024-11-19T08:58:04+00:00","dateModified":"2024-12-03T21:48:35+00:00","description":"Cursuri de german\u0103 \u00een weekend la Sprachschule Aktiv M\u00fcnchen: \u00cembun\u0103t\u0103\u021be\u0219te-\u021bi abilit\u0103\u021bile de limba german\u0103 \u00eentr-un mediu flexibil \u0219i dinamic. Cursuri intensive \u00een weekend pentru toate nivelurile, \u00eentr-o \u0219coal\u0103 de limb\u0103 de top \u00een M\u00fcnchen.","breadcrumb":{"@id":"https:\/\/www.sprachschule-aktiv-muenchen.de\/ro\/cursuri-de-germana-in-weekend-la-sprachschule-aktiv-muenchen\/#breadcrumb"},"inLanguage":"ro-RO","potentialAction":[{"@type":"ReadAction","target":["https:\/\/www.sprachschule-aktiv-muenchen.de\/ro\/cursuri-de-germana-in-weekend-la-sprachschule-aktiv-muenchen\/"]}]},{"@type":"BreadcrumbList","@id":"https:\/\/www.sprachschule-aktiv-muenchen.de\/ro\/cursuri-de-germana-in-weekend-la-sprachschule-aktiv-muenchen\/#breadcrumb","itemListElement":[{"@type":"ListItem","position":1,"name":"Portada","item":"https:\/\/www.sprachschule-aktiv-muenchen.de\/ro\/"},{"@type":"ListItem","position":2,"name":"Cursuri de german\u0103 \u00een weekend la Sprachschule Aktiv M\u00fcnchen"}]},{"@type":"WebSite","@id":"https:\/\/www.sprachschule-aktiv-muenchen.de\/#website","url":"https:\/\/www.sprachschule-aktiv-muenchen.de\/","name":"Sprachschule Aktiv","description":"","potentialAction":[{"@type":"SearchAction","target":{"@type":"EntryPoint","urlTemplate":"https:\/\/www.sprachschule-aktiv-muenchen.de\/?s={search_term_string}"},"query-input":{"@type":"PropertyValueSpecification","valueRequired":true,"valueName":"search_term_string"}}],"inLanguage":"ro-RO"}]}},"_links":{"self":[{"href":"https:\/\/www.sprachschule-aktiv-muenchen.de\/ro\/wp-json\/wp\/v2\/pages\/79049","targetHints":{"allow":["GET"]}}],"collection":[{"href":"https:\/\/www.sprachschule-aktiv-muenchen.de\/ro\/wp-json\/wp\/v2\/pages"}],"about":[{"href":"https:\/\/www.sprachschule-aktiv-muenchen.de\/ro\/wp-json\/wp\/v2\/types\/page"}],"author":[{"embeddable":true,"href":"https:\/\/www.sprachschule-aktiv-muenchen.de\/ro\/wp-json\/wp\/v2\/users\/7"}],"replies":[{"embeddable":true,"href":"https:\/\/www.sprachschule-aktiv-muenchen.de\/ro\/wp-json\/wp\/v2\/comments?post=79049"}],"version-history":[{"count":4,"href":"https:\/\/www.sprachschule-aktiv-muenchen.de\/ro\/wp-json\/wp\/v2\/pages\/79049\/revisions"}],"predecessor-version":[{"id":79051,"href":"https:\/\/www.sprachschule-aktiv-muenchen.de\/ro\/wp-json\/wp\/v2\/pages\/79049\/revisions\/79051"}],"wp:attachment":[{"href":"https:\/\/www.sprachschule-aktiv-muenchen.de\/ro\/wp-json\/wp\/v2\/media?parent=79049"}],"curies":[{"name":"wp","href":"https:\/\/api.w.org\/{rel}","templated":true}]}}