{"id":11926,"date":"2017-02-25T12:34:59","date_gmt":"2017-02-25T11:34:59","guid":{"rendered":"https:\/\/www.sprachschule-aktiv-muenchen.de\/?page_id=11926\/"},"modified":"2026-04-25T00:18:08","modified_gmt":"2026-04-24T22:18:08","slug":"inregistreaza-te","status":"publish","type":"page","link":"https:\/\/www.sprachschule-aktiv-muenchen.de\/ro\/inregistreaza-te\/","title":{"rendered":"\u00cenregistreaz\u0103-te"},"content":{"rendered":"<p>[vc_row css=&#8221;.vc_custom_1486284745672{margin-top: 25px !important;padding-bottom: 30px !important;}&#8221;][vc_column][vc_column_text]<\/p>\n<h1>\u00cenregistreaz\u0103-te acum \u0219i s\u0103 \u00eenve\u021be limba german\u0103 \u00een Munchen<\/h1>\n<p>\u00cenregistreaz\u0103-te acum \u0219i s\u0103 \u00eenve\u021be limba german\u0103 \u00een Munchen[\/vc_column_text][vc_separator css=&#8221;.vc_custom_1486292233861{padding-top: 30px !important;padding-bottom: 30px !important;}&#8221;][vc_row_inner][vc_column_inner width=&#8221;2\/3&#8243;]\n<div class=\"wpcf7 no-js\" id=\"wpcf7-f46113-o1\" lang=\"de-DE\" dir=\"ltr\" data-wpcf7-id=\"46113\">\n<div class=\"screen-reader-response\"><p role=\"status\" aria-live=\"polite\" aria-atomic=\"true\"><\/p> <ul><\/ul><\/div>\n<form action=\"\/ro\/wp-json\/wp\/v2\/pages\/11926#wpcf7-f46113-o1\" method=\"post\" class=\"wpcf7-form init wpcf7-acceptance-as-validation\" aria-label=\"Kontaktformular\" novalidate=\"novalidate\" data-status=\"init\">\n<fieldset class=\"hidden-fields-container\"><input type=\"hidden\" name=\"_wpcf7\" value=\"46113\" \/><input type=\"hidden\" name=\"_wpcf7_version\" value=\"6.1.5\" \/><input type=\"hidden\" name=\"_wpcf7_locale\" value=\"de_DE\" \/><input type=\"hidden\" name=\"_wpcf7_unit_tag\" value=\"wpcf7-f46113-o1\" \/><input type=\"hidden\" name=\"_wpcf7_container_post\" value=\"0\" \/><input type=\"hidden\" name=\"_wpcf7_posted_data_hash\" value=\"\" \/><input type=\"hidden\" name=\"_wpcf7cf_hidden_group_fields\" value=\"[]\" \/><input type=\"hidden\" name=\"_wpcf7cf_hidden_groups\" value=\"[]\" \/><input type=\"hidden\" name=\"_wpcf7cf_visible_groups\" value=\"[]\" \/><input type=\"hidden\" name=\"_wpcf7cf_repeaters\" value=\"[]\" \/><input type=\"hidden\" name=\"_wpcf7cf_steps\" value=\"{}\" \/><input type=\"hidden\" name=\"_wpcf7cf_options\" value=\"{&quot;form_id&quot;:46113,&quot;conditions&quot;:[{&quot;then_field&quot;:&quot;ueberweisung&quot;,&quot;and_rules&quot;:[{&quot;if_field&quot;:&quot;Zahlung&quot;,&quot;operator&quot;:&quot;equals&quot;,&quot;if_value&quot;:&quot;Transfer&quot;}]}],&quot;settings&quot;:{&quot;animation&quot;:&quot;yes&quot;,&quot;animation_intime&quot;:200,&quot;animation_outtime&quot;:200,&quot;conditions_ui&quot;:&quot;normal&quot;,&quot;notice_dismissed&quot;:false}}\" \/><input type=\"hidden\" name=\"_wpcf7_recaptcha_response\" value=\"\" \/>\n<\/fieldset>\n<p>Companie: <span class=\"wpcf7-form-control-wrap\" data-name=\"Firma\"><input size=\"40\" maxlength=\"400\" class=\"wpcf7-form-control wpcf7-text\" aria-invalid=\"false\" value=\"\" type=\"text\" name=\"Firma\" \/><\/span>\n<\/p>\n<p>Nume*: <span class=\"wpcf7-form-control-wrap\" data-name=\"Vorname\"><input size=\"40\" maxlength=\"400\" class=\"wpcf7-form-control wpcf7-text wpcf7-validates-as-required\" aria-required=\"true\" aria-invalid=\"false\" value=\"\" type=\"text\" name=\"Vorname\" \/><\/span>\n<\/p>\n<p>Numele de familie*: <span class=\"wpcf7-form-control-wrap\" data-name=\"Nachname\"><input size=\"40\" maxlength=\"400\" class=\"wpcf7-form-control wpcf7-text wpcf7-validates-as-required\" aria-required=\"true\" aria-invalid=\"false\" value=\"\" type=\"text\" name=\"Nachname\" \/><\/span>\n<\/p>\n<p>Strad\u0103\/Num\u0103r*: <span class=\"wpcf7-form-control-wrap\" data-name=\"Adresse\"><input size=\"40\" maxlength=\"400\" class=\"wpcf7-form-control wpcf7-text wpcf7-validates-as-required\" aria-required=\"true\" aria-invalid=\"false\" value=\"\" type=\"text\" name=\"Adresse\" \/><\/span>\n<\/p>\n<p>Cod po\u0219tal\/Ora\u0219: <span class=\"wpcf7-form-control-wrap\" data-name=\"PLZ\"><input size=\"40\" maxlength=\"400\" class=\"wpcf7-form-control wpcf7-text wpcf7-validates-as-required\" aria-required=\"true\" aria-invalid=\"false\" value=\"\" type=\"text\" name=\"PLZ\" \/><\/span>\n<\/p>\n<p>Telefon*: <span class=\"wpcf7-form-control-wrap\" data-name=\"Telefon\"><input size=\"40\" maxlength=\"400\" class=\"wpcf7-form-control wpcf7-text wpcf7-validates-as-required\" aria-required=\"true\" aria-invalid=\"false\" value=\"\" type=\"text\" name=\"Telefon\" \/><\/span>\n<\/p>\n<p>Email*: <span class=\"wpcf7-form-control-wrap\" data-name=\"Email\"><input size=\"40\" maxlength=\"400\" class=\"wpcf7-form-control wpcf7-email wpcf7-validates-as-required wpcf7-text wpcf7-validates-as-email medium\" aria-required=\"true\" aria-invalid=\"false\" value=\"\" type=\"email\" name=\"Email\" \/><\/span>\n<\/p>\n<p><B>Informa\u021bii despre curs:<\/b>\n<\/p>\n<p>Limba* : <span class=\"wpcf7-form-control-wrap\" data-name=\"Sprache\"><input size=\"40\" maxlength=\"400\" class=\"wpcf7-form-control wpcf7-text wpcf7-validates-as-required\" aria-required=\"true\" aria-invalid=\"false\" placeholder=\"Exemplu: German\u0103, englez\u0103, spaniol\u0103\" value=\"\" type=\"text\" name=\"Sprache\" \/><\/span>\n<\/p>\n<p>Tipul cursului*: <span class=\"wpcf7-form-control-wrap\" data-name=\"Kursart\"><input size=\"40\" maxlength=\"400\" class=\"wpcf7-form-control wpcf7-text wpcf7-validates-as-required\" aria-required=\"true\" aria-invalid=\"false\" placeholder=\"Exemplu: curs intensiv, curs de grup\" value=\"\" type=\"text\" name=\"Kursart\" \/><\/span>\n<\/p>\n<p>Nivel: <span class=\"wpcf7-form-control-wrap\" data-name=\"niveau\"><select class=\"wpcf7-form-control wpcf7-select wpcf7-validates-as-required\" aria-required=\"true\" aria-invalid=\"false\" name=\"niveau\"><option value=\"A1 (\u00eencep\u0103tor \/ \u00eencep\u0103tor)\">A1 (\u00eencep\u0103tor \/ \u00eencep\u0103tor)<\/option><option value=\"A2 (elementar \/ fundamentale)\">A2 (elementar \/ fundamentale)<\/option><option value=\"B1 (nivel intermediar \/ intermediar)\">B1 (nivel intermediar \/ intermediar)<\/option><option value=\"B2 (Vantage \/ nivel intermediar bun)\">B2 (Vantage \/ nivel intermediar bun)<\/option><option value=\"C1 (cuno\u0219tin\u021be avansate \/ avansate)\">C1 (cuno\u0219tin\u021be avansate \/ avansate)<\/option><option value=\"C2 (Competen\u021b\u0103 \/ cuno\u0219tin\u021be excelente)\">C2 (Competen\u021b\u0103 \/ cuno\u0219tin\u021be excelente)<\/option><\/select><\/span>\n<\/p>\n<p>Data de \u00eencepere*: <span class=\"wpcf7-form-control-wrap\" data-name=\"Kursbeginn\"><input size=\"40\" maxlength=\"400\" class=\"wpcf7-form-control wpcf7-text wpcf7-validates-as-required walcf7-datepicker\" aria-required=\"true\" aria-invalid=\"false\" value=\"\" type=\"text\" name=\"Kursbeginn\" \/><\/span>\n<\/p>\n<p>Durat\u0103*: <span class=\"wpcf7-form-control-wrap\" data-name=\"dauer\"><input size=\"40\" maxlength=\"400\" class=\"wpcf7-form-control wpcf7-text wpcf7-validates-as-required\" aria-required=\"true\" aria-invalid=\"false\" placeholder=\"Exemplu: 4 s\u0103pt\u0103m\u00e2ni pentru curs intensiv\" value=\"\" type=\"text\" name=\"dauer\" \/><\/span>\n<\/p>\n<p>Num\u0103rul dorit de ore: <span class=\"wpcf7-form-control-wrap\" data-name=\"Kursbeginn2\"><input size=\"40\" maxlength=\"400\" class=\"wpcf7-form-control wpcf7-text\" aria-invalid=\"false\" value=\"\" type=\"text\" name=\"Kursbeginn2\" \/><\/span>\n<\/p>\n<p><B>Plat\u0103: <\/b>\n<\/p>\n<p>Metode de plata: <span class=\"wpcf7-form-control-wrap\" data-name=\"Zahlung\"><select class=\"wpcf7-form-control wpcf7-select wpcf7-validates-as-required\" aria-required=\"true\" aria-invalid=\"false\" name=\"Zahlung\"><option value=\"Programul de lucru \u00een biroul nostru\">Programul de lucru \u00een biroul nostru<\/option><option value=\"Transfer\">Transfer<\/option><option value=\"Plata cu cardul de credit este \u00een biroul din Hessstr. 90 \u00een 80797 Munchen posibil\">Plata cu cardul de credit este \u00een biroul din Hessstr. 90 \u00een 80797 Munchen posibil<\/option><option value=\"Paypal: buchhaltung1@sprachschule-aktiv.de\">Paypal: buchhaltung1@sprachschule-aktiv.de<\/option><\/select><\/span>\n<\/p>\n<div data-id=\"ueberweisung\" data-orig_data_id=\"ueberweisung\"  class=\"\" data-class=\"wpcf7cf_group\">\n\t<p>Postbank:<br \/>\nNumar de cont: 165 357 859<br \/>\nCod bancar: 760 100 85<br \/>\nIBAN: DE40 7601 0085 0165 3578 59<br \/>\nBIC: PBNKDEFF\n\t<\/p>\n<\/div>\n<p><B>Comentarii<\/b>\n<\/p>\n<p><span class=\"wpcf7-form-control-wrap\" data-name=\"Bemerkungen\"><textarea cols=\"40\" rows=\"10\" maxlength=\"2000\" class=\"wpcf7-form-control wpcf7-textarea\" aria-invalid=\"false\" name=\"Bemerkungen\"><\/textarea><\/span>\n<\/p>\n<div style=\"\">\n\t<p><span class=\"wpcf7-form-control-wrap\" data-name=\"agb\"><span class=\"wpcf7-form-control wpcf7-acceptance\"><span class=\"wpcf7-list-item\"><input type=\"checkbox\" name=\"agb\" value=\"1\" aria-invalid=\"false\" \/><\/span><\/span><\/span> (*) Am citit \u0219i acceptat <a href=\"\/allgemeine-geschaeftsbedingungen-und-datenschutzerklaerung\/\" target=\"_blank\">termenii juridice<\/a> \u0219i <a href=\"\/allgemeine-geschaeftsbedingungen-und-datenschutzerklaerung\/\" target=\"_blank\">politica privind datele de confidentialitate<\/a>.\n\t<\/p>\n<\/div>\n<p><input class=\"wpcf7-form-control wpcf7-submit has-spinner\" type=\"submit\" value=\"Trimite\u021bi inscrip\u021bia\" \/>\n<\/p><div class=\"wpcf7-response-output\" aria-hidden=\"true\"><\/div>\n<\/form>\n<\/div>\n[\/vc_column_inner][vc_column_inner width=&#8221;1\/3&#8243; css=&#8221;.vc_custom_1486292395419{margin-top: 25px !important;}&#8221;][vc_column_text]<\/p>\n<h2>Sprachschule Aktiv M\u00fcnchen<\/h2>\n<p>Tel.: 00-49-89-20062435<br \/>\nMobil: 0170-7779042<br \/>\nMobil: 0151-24059756<br \/>\nFax: 089-20062454<br \/>\nE-Mail: <a href=\"mailto:kontakt@sprachschule-aktiv.de \">kontakt@sprachschule-aktiv-muenchen.de<\/a><br \/>\nInternet: <a href=\"https:\/\/www.sprachschule-aktiv-muenchen.de\/\">www.sprachschule-aktiv-muenchen.de<\/a>[\/vc_column_text][vc_separator css=&#8221;.vc_custom_1486286438007{padding-top: 20px !important;padding-bottom: 20px !important;}&#8221;][vc_column_text]<\/p>\n<h3>\u0219coala noastr\u0103<\/h3>\n<p>He\u00dfstr. 90, 80797 M\u00fcnchen[\/vc_column_text][vc_gmaps link=&#8221;#E-8_JTNDaWZyYW1lJTIwc3JjJTNEJTIyaHR0cHMlM0ElMkYlMkZ3d3cuZ29vZ2xlLmNvbSUyRm1hcHMlMkZlbWJlZCUzRnBiJTNEJTIxMW0xOCUyMTFtMTIlMjExbTMlMjExZDI2NjEuNzQ5Njg0NjY4ODMzJTIxMmQxMS41NTg0MDgxMTU4MTUyNSUyMTNkNDguMTUzNjMwODU4MDIxMzQ0JTIxMm0zJTIxMWYwJTIxMmYwJTIxM2YwJTIxM20yJTIxMWkxMDI0JTIxMmk3NjglMjE0ZjEzLjElMjEzbTMlMjExbTIlMjExczB4NDc5ZTc1ZTEyMTYxMGExZiUyNTNBMHhlNzI3ZThlMmQ4NTI2ZTQyJTIxMnNTcHJhY2hzY2h1bGUlMkJBa3RpdiUyQk0lMjVDMyUyNUJDbmNoZW4lMjE1ZTAlMjEzbTIlMjExc2RlJTIxMnNkZSUyMTR2MTQ4NjI4NjMxMjc0MiUyMiUyMHdpZHRoJTNEJTIyNjAwJTIyJTIwaGVpZ2h0JTNEJTIyMjAwJTIyJTIwZnJhbWVib3JkZXIlM0QlMjIwJTIyJTIwc3R5bGUlM0QlMjJib3JkZXIlM0EwJTIyJTIwYWxsb3dmdWxsc2NyZWVuJTNFJTNDJTJGaWZyYW1lJTNF&#8221;][\/vc_column_inner][\/vc_row_inner][\/vc_column][\/vc_row]<\/p>\n","protected":false},"excerpt":{"rendered":"<p>[vc_row css=&#8221;.vc_custom_1486284745672{margin-top: 25px !important;padding-bottom: 30px !important;}&#8221;][vc_column][vc_column_text] \u00cenregistreaz\u0103-te acum \u0219i s\u0103 \u00eenve\u021be limba german\u0103 \u00een Munchen \u00cenregistreaz\u0103-te acum \u0219i s\u0103 \u00eenve\u021be limba german\u0103 \u00een Munchen[\/vc_column_text][vc_separator css=&#8221;.vc_custom_1486292233861{padding-top: 30px !important;padding-bottom: 30px !important;}&#8221;][vc_row_inner][vc_column_inner width=&#8221;2\/3&#8243;][\/vc_column_inner][vc_column_inner width=&#8221;1\/3&#8243; css=&#8221;.vc_custom_1486292395419{margin-top: 25px !important;}&#8221;][vc_column_text] Sprachschule Aktiv M\u00fcnchen Tel.: 00-49-89-20062435 Mobil: 0170-7779042 Mobil: 0151-24059756 Fax: 089-20062454 E-Mail: kontakt@sprachschule-aktiv-muenchen.de Internet: www.sprachschule-aktiv-muenchen.de[\/vc_column_text][vc_separator css=&#8221;.vc_custom_1486286438007{padding-top: 20px !important;padding-bottom: 20px !important;}&#8221;][vc_column_text] \u0219coala&hellip; <a class=\"read-more\" href=\"https:\/\/www.sprachschule-aktiv-muenchen.de\/ro\/inregistreaza-te\/\" title=\"Read \u00cenregistreaz\u0103-te\">Read more &raquo;<\/a><\/p>\n","protected":false},"author":2,"featured_media":0,"parent":0,"menu_order":0,"comment_status":"closed","ping_status":"closed","template":"","meta":{"footnotes":""},"class_list":["post-11926","page","type-page","status-publish","hentry"],"yoast_head":"<!-- This site is optimized with the Yoast SEO plugin v27.1.1 - https:\/\/yoast.com\/product\/yoast-seo-wordpress\/ -->\n<title>\u00cenregistreaz\u0103-te acum \u0219i s\u0103 \u00eenve\u021be limba german\u0103 \u00een Munchen<\/title>\n<meta name=\"description\" content=\"Vrei s\u0103 \u00eenve\u021bi limba german\u0103 \u00een Munchen? Alatura-te \u0219coala noastr\u0103 de limb\u0103 \u0219i \u00eenva\u021b\u0103 repede.\" \/>\n<meta name=\"robots\" content=\"index, follow, max-snippet:-1, max-image-preview:large, max-video-preview:-1\" \/>\n<link rel=\"canonical\" href=\"https:\/\/www.sprachschule-aktiv-muenchen.de\/ro\/inregistreaza-te\/\" \/>\n<meta property=\"og:locale\" content=\"ro_RO\" \/>\n<meta property=\"og:type\" content=\"article\" \/>\n<meta property=\"og:title\" content=\"\u00cenregistreaz\u0103-te acum \u0219i s\u0103 \u00eenve\u021be limba german\u0103 \u00een Munchen\" \/>\n<meta property=\"og:description\" content=\"Vrei s\u0103 \u00eenve\u021bi limba german\u0103 \u00een Munchen? Alatura-te \u0219coala noastr\u0103 de limb\u0103 \u0219i \u00eenva\u021b\u0103 repede.\" \/>\n<meta property=\"og:url\" content=\"https:\/\/www.sprachschule-aktiv-muenchen.de\/ro\/inregistreaza-te\/\" \/>\n<meta property=\"og:site_name\" content=\"Sprachschule Aktiv\" \/>\n<meta property=\"article:modified_time\" content=\"2026-04-24T22:18:08+00:00\" \/>\n<meta name=\"twitter:card\" content=\"summary_large_image\" \/>\n<meta name=\"twitter:label1\" content=\"Timp estimat pentru citire\" \/>\n\t<meta name=\"twitter:data1\" content=\"1 minut\" \/>\n<script type=\"application\/ld+json\" class=\"yoast-schema-graph\">{\"@context\":\"https:\/\/schema.org\",\"@graph\":[{\"@type\":\"WebPage\",\"@id\":\"https:\/\/www.sprachschule-aktiv-muenchen.de\/ro\/inregistreaza-te\/\",\"url\":\"https:\/\/www.sprachschule-aktiv-muenchen.de\/ro\/inregistreaza-te\/\",\"name\":\"\u00cenregistreaz\u0103-te acum \u0219i s\u0103 \u00eenve\u021be limba german\u0103 \u00een Munchen\",\"isPartOf\":{\"@id\":\"https:\/\/www.sprachschule-aktiv-muenchen.de\/#website\"},\"datePublished\":\"2017-02-25T11:34:59+00:00\",\"dateModified\":\"2026-04-24T22:18:08+00:00\",\"description\":\"Vrei s\u0103 \u00eenve\u021bi limba german\u0103 \u00een Munchen? Alatura-te \u0219coala noastr\u0103 de limb\u0103 \u0219i \u00eenva\u021b\u0103 repede.\",\"breadcrumb\":{\"@id\":\"https:\/\/www.sprachschule-aktiv-muenchen.de\/ro\/inregistreaza-te\/#breadcrumb\"},\"inLanguage\":\"ro-RO\",\"potentialAction\":[{\"@type\":\"ReadAction\",\"target\":[\"https:\/\/www.sprachschule-aktiv-muenchen.de\/ro\/inregistreaza-te\/\"]}]},{\"@type\":\"BreadcrumbList\",\"@id\":\"https:\/\/www.sprachschule-aktiv-muenchen.de\/ro\/inregistreaza-te\/#breadcrumb\",\"itemListElement\":[{\"@type\":\"ListItem\",\"position\":1,\"name\":\"Portada\",\"item\":\"https:\/\/www.sprachschule-aktiv-muenchen.de\/ro\/\"},{\"@type\":\"ListItem\",\"position\":2,\"name\":\"\u00cenregistreaz\u0103-te\"}]},{\"@type\":\"WebSite\",\"@id\":\"https:\/\/www.sprachschule-aktiv-muenchen.de\/#website\",\"url\":\"https:\/\/www.sprachschule-aktiv-muenchen.de\/\",\"name\":\"Sprachschule Aktiv\",\"description\":\"\",\"potentialAction\":[{\"@type\":\"SearchAction\",\"target\":{\"@type\":\"EntryPoint\",\"urlTemplate\":\"https:\/\/www.sprachschule-aktiv-muenchen.de\/?s={search_term_string}\"},\"query-input\":{\"@type\":\"PropertyValueSpecification\",\"valueRequired\":true,\"valueName\":\"search_term_string\"}}],\"inLanguage\":\"ro-RO\"}]}<\/script>\n<!-- \/ Yoast SEO plugin. -->","yoast_head_json":{"title":"\u00cenregistreaz\u0103-te acum \u0219i s\u0103 \u00eenve\u021be limba german\u0103 \u00een Munchen","description":"Vrei s\u0103 \u00eenve\u021bi limba german\u0103 \u00een Munchen? Alatura-te \u0219coala noastr\u0103 de limb\u0103 \u0219i \u00eenva\u021b\u0103 repede.","robots":{"index":"index","follow":"follow","max-snippet":"max-snippet:-1","max-image-preview":"max-image-preview:large","max-video-preview":"max-video-preview:-1"},"canonical":"https:\/\/www.sprachschule-aktiv-muenchen.de\/ro\/inregistreaza-te\/","og_locale":"ro_RO","og_type":"article","og_title":"\u00cenregistreaz\u0103-te acum \u0219i s\u0103 \u00eenve\u021be limba german\u0103 \u00een Munchen","og_description":"Vrei s\u0103 \u00eenve\u021bi limba german\u0103 \u00een Munchen? Alatura-te \u0219coala noastr\u0103 de limb\u0103 \u0219i \u00eenva\u021b\u0103 repede.","og_url":"https:\/\/www.sprachschule-aktiv-muenchen.de\/ro\/inregistreaza-te\/","og_site_name":"Sprachschule Aktiv","article_modified_time":"2026-04-24T22:18:08+00:00","twitter_card":"summary_large_image","twitter_misc":{"Timp estimat pentru citire":"1 minut"},"schema":{"@context":"https:\/\/schema.org","@graph":[{"@type":"WebPage","@id":"https:\/\/www.sprachschule-aktiv-muenchen.de\/ro\/inregistreaza-te\/","url":"https:\/\/www.sprachschule-aktiv-muenchen.de\/ro\/inregistreaza-te\/","name":"\u00cenregistreaz\u0103-te acum \u0219i s\u0103 \u00eenve\u021be limba german\u0103 \u00een Munchen","isPartOf":{"@id":"https:\/\/www.sprachschule-aktiv-muenchen.de\/#website"},"datePublished":"2017-02-25T11:34:59+00:00","dateModified":"2026-04-24T22:18:08+00:00","description":"Vrei s\u0103 \u00eenve\u021bi limba german\u0103 \u00een Munchen? Alatura-te \u0219coala noastr\u0103 de limb\u0103 \u0219i \u00eenva\u021b\u0103 repede.","breadcrumb":{"@id":"https:\/\/www.sprachschule-aktiv-muenchen.de\/ro\/inregistreaza-te\/#breadcrumb"},"inLanguage":"ro-RO","potentialAction":[{"@type":"ReadAction","target":["https:\/\/www.sprachschule-aktiv-muenchen.de\/ro\/inregistreaza-te\/"]}]},{"@type":"BreadcrumbList","@id":"https:\/\/www.sprachschule-aktiv-muenchen.de\/ro\/inregistreaza-te\/#breadcrumb","itemListElement":[{"@type":"ListItem","position":1,"name":"Portada","item":"https:\/\/www.sprachschule-aktiv-muenchen.de\/ro\/"},{"@type":"ListItem","position":2,"name":"\u00cenregistreaz\u0103-te"}]},{"@type":"WebSite","@id":"https:\/\/www.sprachschule-aktiv-muenchen.de\/#website","url":"https:\/\/www.sprachschule-aktiv-muenchen.de\/","name":"Sprachschule Aktiv","description":"","potentialAction":[{"@type":"SearchAction","target":{"@type":"EntryPoint","urlTemplate":"https:\/\/www.sprachschule-aktiv-muenchen.de\/?s={search_term_string}"},"query-input":{"@type":"PropertyValueSpecification","valueRequired":true,"valueName":"search_term_string"}}],"inLanguage":"ro-RO"}]}},"_links":{"self":[{"href":"https:\/\/www.sprachschule-aktiv-muenchen.de\/ro\/wp-json\/wp\/v2\/pages\/11926","targetHints":{"allow":["GET"]}}],"collection":[{"href":"https:\/\/www.sprachschule-aktiv-muenchen.de\/ro\/wp-json\/wp\/v2\/pages"}],"about":[{"href":"https:\/\/www.sprachschule-aktiv-muenchen.de\/ro\/wp-json\/wp\/v2\/types\/page"}],"author":[{"embeddable":true,"href":"https:\/\/www.sprachschule-aktiv-muenchen.de\/ro\/wp-json\/wp\/v2\/users\/2"}],"replies":[{"embeddable":true,"href":"https:\/\/www.sprachschule-aktiv-muenchen.de\/ro\/wp-json\/wp\/v2\/comments?post=11926"}],"version-history":[{"count":3,"href":"https:\/\/www.sprachschule-aktiv-muenchen.de\/ro\/wp-json\/wp\/v2\/pages\/11926\/revisions"}],"predecessor-version":[{"id":80701,"href":"https:\/\/www.sprachschule-aktiv-muenchen.de\/ro\/wp-json\/wp\/v2\/pages\/11926\/revisions\/80701"}],"wp:attachment":[{"href":"https:\/\/www.sprachschule-aktiv-muenchen.de\/ro\/wp-json\/wp\/v2\/media?parent=11926"}],"curies":[{"name":"wp","href":"https:\/\/api.w.org\/{rel}","templated":true}]}}