{"id":45447,"date":"2018-08-14T16:42:07","date_gmt":"2018-08-14T14:42:07","guid":{"rendered":"https:\/\/www.sprachschule-aktiv-muenchen.de\/?page_id=45447"},"modified":"2024-11-12T13:09:29","modified_gmt":"2024-11-12T12:09:29","slug":"cours-particuliers-dallemand","status":"publish","type":"page","link":"https:\/\/www.sprachschule-aktiv-muenchen.de\/fr\/cours-particuliers-dallemand\/","title":{"rendered":"Cours particuliers"},"content":{"rendered":"<p>[vc_row css=&#8221;.vc_custom_1485265033733{margin-bottom: 30px !important;}&#8221;][vc_column][vc_column_text css=&#8221;.vc_custom_1529065184627{margin-top: 30px !important;margin-bottom: 30px !important;}&#8221;]<\/p>\n<h1>Cours particuliers d\u2019allemand \u00e0 Munich<\/h1>\n<h2>Pr\u00e9f\u00e9rez-vous rester enti\u00e8rement flexible?<\/h2>\n<p>Si oui, un cours particulier d&#8217;allemand est pour vous la meilleure option! Un cours priv\u00e9 vous permet d&#8217;apprendre l&#8217;allemand seul ou avec un ami, en b\u00e9n\u00e9ficiant de votre professeur particulier. Vous profitez ainsi de la plus haute flexibilit\u00e9 afin d&#8217;apprendre l&#8217;allemand de mani\u00e8re cibl\u00e9e, adapt\u00e9e \u00e0 votre emploi du temps et \u00e0 vos objectifs.<\/p>\n<p>Vous d\u00e9cidez vous-m\u00eame de combien d&#8217;heures de cours vous souhaitez suivre, o\u00f9 et quand se d\u00e9roulent les cours et ce que vous souhaitez apprendre exactement, par exemple conversation, allemand des affaires, cibl\u00e9 sur la grammaire ou bien d&#8217;autres th\u00e9matiques encore.<\/p>\n<p>Les tarifs des cours priv\u00e9s sont les suivants:<\/p>\n<ul>\n<li>Vous r\u00e9servez entre une heure et 19 heures de cours: 45,00\u20ac par heure (une heure = 45Min)<\/li>\n<li>Vous r\u00e9servez entre 20 heures et 29 heures de cours: 42,00\u20ac par heure (une heure = 45Min)<\/li>\n<li>Vous r\u00e9servez 30 heures de cours ou plus: 38,00\u20ac par heure (une heure = 45Min)<\/li>\n<\/ul>\n<p>[\/vc_column_text][\/vc_column][\/vc_row][vc_row full_width=&#8221;stretch_row&#8221; tc_enable_overlay=&#8221;true&#8221; css=&#8221;.vc_custom_1486998957399{padding-top: 20px !important;padding-bottom: 30px !important;background-color: #f9f9f9 !important;}&#8221;][vc_column width=&#8221;1\/2&#8243;][vc_column_text css=&#8221;.vc_custom_1529065205626{margin-top: 30px !important;margin-bottom: 30px !important;}&#8221;]<\/p>\n<h2>Cours particuliers pour d\u00e9butant ou niveau confirm\u00e9<\/h2>\n<p>Nous offrons des cours particuliers pour tous les niveaux : de A1 \u00e0 C2. Ils peuvent pr\u00e9parer aux examens (DAF, DSH, Goethe Zertifikat C2, \u2026), aux entretiens d\u2019embauche, aux conversations t\u00e9l\u00e9phoniques et aux pr\u00e9sentations en allemand. Nous offrons \u00e9galement des cours pour les entreprises adapt\u00e9s \u00e0 leurs besoins (allemand des affaires, etc.).<\/p>\n<p>Vous aurez l\u2019occasion de discuter en allemand et d\u2019approfondir vos connaissances grammaticales.<\/p>\n<p>Nous nous adaptons \u00e0 vos disponibilit\u00e9s et \u00e0 vos besoins. Nos cours vous permettent d\u2019apprendre la langue rapidement avec des professeurs qualifi\u00e9s et motiv\u00e9s !<br \/>\nVous voulez vivre, \u00e9tudier ou travailler en Allemagne ? Vous souhaitez vous y pr\u00e9parer dans les meilleures conditions en approfondissant vos connaissances de la langue allemande ? Vous \u00eates \u00e0 la bonne adresse ! Chez nous, vous apprendrez l&#8217;allemand rapidement et facilement gr\u00e2ce \u00e0 nos enseignants qualifi\u00e9s. Vous augmenterez ainsi vos chances de succ\u00e8s sur le march\u00e9 du travail. Nos cours priv\u00e9 vous pr\u00e9pareront directement \u00e0 votre vie en Allemagne. Ils vous donneront \u00e9galement les cl\u00e9s n\u00e9cessaires pour appr\u00e9hender la culture et la mentalit\u00e9 allemande. Ainsi, vous comprendrez mieux l&#8217;environnement allemand dans lequel vous \u00e9voluerez !<\/p>\n<p>Vous souhaitez apprendre l\u2019allemand \u00e0 Munich, ou am\u00e9liorer vos connaissances ? Ce type de cours est fait pour vous ! Apprenez l\u2019allemand \u00e0 Sprachschule-Aktiv M\u00fcnchen.[\/vc_column_text][\/vc_column][vc_column width=&#8221;1\/2&#8243;][vc_single_image image=&#8221;30792&#8243; img_size=&#8221;full&#8221; style=&#8221;vc_box_outline&#8221; css=&#8221;.vc_custom_1505998198213{margin-top: 30px !important;}&#8221;][\/vc_column][\/vc_row][vc_row full_width=&#8221;stretch_row&#8221; tc_enable_overlay=&#8221;true&#8221; css=&#8221;.vc_custom_1485267569576{margin-bottom: 20px !important;}&#8221;][vc_column][vc_column_text css=&#8221;.vc_custom_1486998324236{margin-top: 30px !important;margin-bottom: 30px !important;}&#8221;]<\/p>\n<h2>Cours particuliers d\u2019allemand \u2013 Nos tarifs \u00e0 Munich<\/h2>\n<p>[\/vc_column_text][vc_column_text]\n<table id=\"tablepress-5\" class=\"tablepress tablepress-id-5 tablepress-responsive\">\n<thead>\n<tr class=\"row-1\">\n\t<th colspan=\"3\" class=\"column-1\">Cours particuliers d\u2019allemand<\/th>\n<\/tr>\n<\/thead>\n<tbody class=\"row-striping row-hover\">\n<tr class=\"row-2\">\n\t<td class=\"column-1\">1 heure : 45 \u20ac<br \/>\n\u00c0 partir de 20 heures : 42 \u20ac<br \/>\n\u00c0 partir de 30 heures : 38 \u20ac<\/td><td class=\"column-2\">Pour chaque heure de cours<\/td><td class=\"column-3\">Plus vous r\u00e9servez d\u2019heures de cours,<br\/> plus vous \u00e9conomisez !<\/td>\n<\/tr>\n<\/tbody>\n<\/table>\n<!-- #tablepress-5 from cache -->[\/vc_column_text][vc_column_text]Economisez facilement !<br \/>\nApprenez l\u2019allemand avec vos amis (jusqu\u2019\u00e0 3 dans le m\u00eame cours) et payez le m\u00eame prix ![\/vc_column_text][\/vc_column][\/vc_row][vc_row full_width=&#8221;stretch_row&#8221; css=&#8221;.vc_custom_1486998965470{padding-top: 25px !important;padding-bottom: 30px !important;background-color: #f9f9f9 !important;}&#8221;][vc_column][vc_column_text]Si vous d\u00e9sirez rafra\u00eechir vos connaissances en allemand, les cours particuliers sont la meilleure solution. Avec Sprachschule-Aktiv M\u00fcnchen, vous pouvez b\u00e9n\u00e9ficier d\u2019un cours d\u2019essai gratuit quand vous le souhaitez !<\/p>\n<p>Si vous n\u2019\u00eates pas \u00e0 100 % satisfaits de votre premier cours, nous annulons votre inscription sans besoin de justificatif et sans frais suppl\u00e9mentaires. Prenez rendez-vous avec nous pour une consultation gratuite ou un cours d\u2019essai gratuit et venez rencontrez nos enseignants.<\/p>\n<p>Nous vous attendons ! Venez augmenter vos opportunit\u00e9s sur le march\u00e9 du travail en apprenant l\u2019allemand. Dans notre \u00e9cole, nous vous proposons des cours d\u2019allemand qui vous correspondent. Nos professeurs sont qualifi\u00e9s, motiv\u00e9s et exp\u00e9riment\u00e9s !<\/p>\n<p>A Sprachschule-Aktiv, nous vous proposons des cours en groupe, intensifs, en bin\u00f4me, particuliers, pour votre entreprise, d\u2019allemand des affaires, de pr\u00e9paration aux examens (DAF, DSH, Goethe Zertifikat C2, \u2026), aux entretiens d\u2019embauche ainsi qu&#8217;aux conversations t\u00e9l\u00e9phoniques.<\/p>\n<p>Nous donnons \u00e9galement des cours d\u2019allemand \u00e0 domicile ou directement dans votre entreprise \u00e0 Munich. Nous pouvons vous aider \u00e0 trouver un Tandem en allemand ainsi que des activit\u00e9s culturelles \u00e0 faire pendant votre temps libre. En outre, nos cours d\u2019allemand sont reconnus et peuvent vous aider \u00e0 obtenir votre permis de s\u00e9jour en Allemagne.[\/vc_column_text][\/vc_column][\/vc_row][vc_row full_width=&#8221;stretch_row&#8221; equal_height=&#8221;yes&#8221; content_placement=&#8221;middle&#8221; el_class=&#8221;action-box m-b-none theme-bg-color&#8221; css=&#8221;.vc_custom_1486998346962{padding-top: 25px !important;padding-bottom: 30px !important;}&#8221;][vc_column width=&#8221;2\/3&#8243;][vc_column_text]<\/p>\n<h3 class=\"text-white\">Nous sommes l\u00e0 pour vous!<\/h3>\n<p class=\"text-white\">Apprendre l&#8217;allemand \u00e0 Munich &#8211; Allemagne. Cours d&#8217;allemand pour d\u00e9butants et avanc\u00e9s dans notre \u00e9cole de langue allemande \u00e0 Munich.<\/p>\n<p>[\/vc_column_text][\/vc_column][vc_column width=&#8221;1\/3&#8243; el_class=&#8221;text-right&#8221;]\t<div class=\"vc_btn3-container vc_btn3-inline\">\r\n\t\t<a href=\"\/fr\/contactez-nous\/\" class=\"pgs_btn pgs_btn_style_3 pgs_btn_xl\">\r\n\t\t\t<span>\r\n\t\t\t\tVoir des cours particuliers\t\t\t<\/span>\r\n\t\t\t\t\t\t<i class=\"fa fa-chevron-right\"><\/i>\r\n\t\t\t\t\t<\/a>\r\n\t<\/div>\r\n\t[\/vc_column][\/vc_row]<\/p>\n","protected":false},"excerpt":{"rendered":"<p>[vc_row css=&#8221;.vc_custom_1485265033733{margin-bottom: 30px !important;}&#8221;][vc_column][vc_column_text css=&#8221;.vc_custom_1529065184627{margin-top: 30px !important;margin-bottom: 30px !important;}&#8221;] Cours particuliers d\u2019allemand \u00e0 Munich Pr\u00e9f\u00e9rez-vous rester enti\u00e8rement flexible? Si oui, un cours particulier d&#8217;allemand est pour vous la meilleure option! Un cours priv\u00e9 vous permet d&#8217;apprendre l&#8217;allemand seul ou avec un ami, en b\u00e9n\u00e9ficiant de votre professeur particulier. Vous profitez ainsi de la plus haute&hellip; <a class=\"read-more\" href=\"https:\/\/www.sprachschule-aktiv-muenchen.de\/fr\/cours-particuliers-dallemand\/\" title=\"Read Cours particuliers\">Read more &raquo;<\/a><\/p>\n","protected":false},"author":2,"featured_media":0,"parent":0,"menu_order":0,"comment_status":"closed","ping_status":"closed","template":"","meta":{"footnotes":""},"class_list":["post-45447","page","type-page","status-publish","hentry"],"yoast_head":"<!-- This site is optimized with the Yoast SEO plugin v27.1.1 - https:\/\/yoast.com\/product\/yoast-seo-wordpress\/ -->\n<title>Cours particuliers d&#039;allemand \u00e0 Munich<\/title>\n<meta name=\"description\" content=\"Cours particuliers d\u2019allemand \u00e0 Munich: Pr\u00e9f\u00e9rez-vous rester enti\u00e8rement flexible?Si oui, un cours particulier d&#039;allemand est pour vous la meilleure option!\" \/>\n<meta name=\"robots\" content=\"index, follow, max-snippet:-1, max-image-preview:large, max-video-preview:-1\" \/>\n<link rel=\"canonical\" href=\"https:\/\/www.sprachschule-aktiv-muenchen.de\/fr\/cours-particuliers-dallemand\/\" \/>\n<meta property=\"og:locale\" content=\"fr_FR\" \/>\n<meta property=\"og:type\" content=\"article\" \/>\n<meta property=\"og:title\" content=\"Cours particuliers d&#039;allemand \u00e0 Munich\" \/>\n<meta property=\"og:description\" content=\"Cours particuliers d\u2019allemand \u00e0 Munich: Pr\u00e9f\u00e9rez-vous rester enti\u00e8rement flexible?Si oui, un cours particulier d&#039;allemand est pour vous la meilleure option!\" \/>\n<meta property=\"og:url\" content=\"https:\/\/www.sprachschule-aktiv-muenchen.de\/fr\/cours-particuliers-dallemand\/\" \/>\n<meta property=\"og:site_name\" content=\"Sprachschule Aktiv\" \/>\n<meta property=\"article:modified_time\" content=\"2024-11-12T12:09:29+00:00\" \/>\n<meta name=\"twitter:card\" content=\"summary_large_image\" \/>\n<meta name=\"twitter:label1\" content=\"Dur\u00e9e de lecture estim\u00e9e\" \/>\n\t<meta name=\"twitter:data1\" content=\"5 minutes\" \/>\n<script type=\"application\/ld+json\" class=\"yoast-schema-graph\">{\"@context\":\"https:\/\/schema.org\",\"@graph\":[{\"@type\":\"WebPage\",\"@id\":\"https:\/\/www.sprachschule-aktiv-muenchen.de\/fr\/cours-particuliers-dallemand\/\",\"url\":\"https:\/\/www.sprachschule-aktiv-muenchen.de\/fr\/cours-particuliers-dallemand\/\",\"name\":\"Cours particuliers d'allemand \u00e0 Munich\",\"isPartOf\":{\"@id\":\"https:\/\/www.sprachschule-aktiv-muenchen.de\/#website\"},\"datePublished\":\"2018-08-14T14:42:07+00:00\",\"dateModified\":\"2024-11-12T12:09:29+00:00\",\"description\":\"Cours particuliers d\u2019allemand \u00e0 Munich: Pr\u00e9f\u00e9rez-vous rester enti\u00e8rement flexible?Si oui, un cours particulier d'allemand est pour vous la meilleure option!\",\"breadcrumb\":{\"@id\":\"https:\/\/www.sprachschule-aktiv-muenchen.de\/fr\/cours-particuliers-dallemand\/#breadcrumb\"},\"inLanguage\":\"fr-FR\",\"potentialAction\":[{\"@type\":\"ReadAction\",\"target\":[\"https:\/\/www.sprachschule-aktiv-muenchen.de\/fr\/cours-particuliers-dallemand\/\"]}]},{\"@type\":\"BreadcrumbList\",\"@id\":\"https:\/\/www.sprachschule-aktiv-muenchen.de\/fr\/cours-particuliers-dallemand\/#breadcrumb\",\"itemListElement\":[{\"@type\":\"ListItem\",\"position\":1,\"name\":\"Portada\",\"item\":\"https:\/\/www.sprachschule-aktiv-muenchen.de\/fr\/\"},{\"@type\":\"ListItem\",\"position\":2,\"name\":\"Cours particuliers\"}]},{\"@type\":\"WebSite\",\"@id\":\"https:\/\/www.sprachschule-aktiv-muenchen.de\/#website\",\"url\":\"https:\/\/www.sprachschule-aktiv-muenchen.de\/\",\"name\":\"Sprachschule Aktiv\",\"description\":\"\",\"potentialAction\":[{\"@type\":\"SearchAction\",\"target\":{\"@type\":\"EntryPoint\",\"urlTemplate\":\"https:\/\/www.sprachschule-aktiv-muenchen.de\/?s={search_term_string}\"},\"query-input\":{\"@type\":\"PropertyValueSpecification\",\"valueRequired\":true,\"valueName\":\"search_term_string\"}}],\"inLanguage\":\"fr-FR\"}]}<\/script>\n<!-- \/ Yoast SEO plugin. -->","yoast_head_json":{"title":"Cours particuliers d'allemand \u00e0 Munich","description":"Cours particuliers d\u2019allemand \u00e0 Munich: Pr\u00e9f\u00e9rez-vous rester enti\u00e8rement flexible?Si oui, un cours particulier d'allemand est pour vous la meilleure option!","robots":{"index":"index","follow":"follow","max-snippet":"max-snippet:-1","max-image-preview":"max-image-preview:large","max-video-preview":"max-video-preview:-1"},"canonical":"https:\/\/www.sprachschule-aktiv-muenchen.de\/fr\/cours-particuliers-dallemand\/","og_locale":"fr_FR","og_type":"article","og_title":"Cours particuliers d'allemand \u00e0 Munich","og_description":"Cours particuliers d\u2019allemand \u00e0 Munich: Pr\u00e9f\u00e9rez-vous rester enti\u00e8rement flexible?Si oui, un cours particulier d'allemand est pour vous la meilleure option!","og_url":"https:\/\/www.sprachschule-aktiv-muenchen.de\/fr\/cours-particuliers-dallemand\/","og_site_name":"Sprachschule Aktiv","article_modified_time":"2024-11-12T12:09:29+00:00","twitter_card":"summary_large_image","twitter_misc":{"Dur\u00e9e de lecture estim\u00e9e":"5 minutes"},"schema":{"@context":"https:\/\/schema.org","@graph":[{"@type":"WebPage","@id":"https:\/\/www.sprachschule-aktiv-muenchen.de\/fr\/cours-particuliers-dallemand\/","url":"https:\/\/www.sprachschule-aktiv-muenchen.de\/fr\/cours-particuliers-dallemand\/","name":"Cours particuliers d'allemand \u00e0 Munich","isPartOf":{"@id":"https:\/\/www.sprachschule-aktiv-muenchen.de\/#website"},"datePublished":"2018-08-14T14:42:07+00:00","dateModified":"2024-11-12T12:09:29+00:00","description":"Cours particuliers d\u2019allemand \u00e0 Munich: Pr\u00e9f\u00e9rez-vous rester enti\u00e8rement flexible?Si oui, un cours particulier d'allemand est pour vous la meilleure option!","breadcrumb":{"@id":"https:\/\/www.sprachschule-aktiv-muenchen.de\/fr\/cours-particuliers-dallemand\/#breadcrumb"},"inLanguage":"fr-FR","potentialAction":[{"@type":"ReadAction","target":["https:\/\/www.sprachschule-aktiv-muenchen.de\/fr\/cours-particuliers-dallemand\/"]}]},{"@type":"BreadcrumbList","@id":"https:\/\/www.sprachschule-aktiv-muenchen.de\/fr\/cours-particuliers-dallemand\/#breadcrumb","itemListElement":[{"@type":"ListItem","position":1,"name":"Portada","item":"https:\/\/www.sprachschule-aktiv-muenchen.de\/fr\/"},{"@type":"ListItem","position":2,"name":"Cours particuliers"}]},{"@type":"WebSite","@id":"https:\/\/www.sprachschule-aktiv-muenchen.de\/#website","url":"https:\/\/www.sprachschule-aktiv-muenchen.de\/","name":"Sprachschule Aktiv","description":"","potentialAction":[{"@type":"SearchAction","target":{"@type":"EntryPoint","urlTemplate":"https:\/\/www.sprachschule-aktiv-muenchen.de\/?s={search_term_string}"},"query-input":{"@type":"PropertyValueSpecification","valueRequired":true,"valueName":"search_term_string"}}],"inLanguage":"fr-FR"}]}},"_links":{"self":[{"href":"https:\/\/www.sprachschule-aktiv-muenchen.de\/fr\/wp-json\/wp\/v2\/pages\/45447","targetHints":{"allow":["GET"]}}],"collection":[{"href":"https:\/\/www.sprachschule-aktiv-muenchen.de\/fr\/wp-json\/wp\/v2\/pages"}],"about":[{"href":"https:\/\/www.sprachschule-aktiv-muenchen.de\/fr\/wp-json\/wp\/v2\/types\/page"}],"author":[{"embeddable":true,"href":"https:\/\/www.sprachschule-aktiv-muenchen.de\/fr\/wp-json\/wp\/v2\/users\/2"}],"replies":[{"embeddable":true,"href":"https:\/\/www.sprachschule-aktiv-muenchen.de\/fr\/wp-json\/wp\/v2\/comments?post=45447"}],"version-history":[{"count":1,"href":"https:\/\/www.sprachschule-aktiv-muenchen.de\/fr\/wp-json\/wp\/v2\/pages\/45447\/revisions"}],"predecessor-version":[{"id":78894,"href":"https:\/\/www.sprachschule-aktiv-muenchen.de\/fr\/wp-json\/wp\/v2\/pages\/45447\/revisions\/78894"}],"wp:attachment":[{"href":"https:\/\/www.sprachschule-aktiv-muenchen.de\/fr\/wp-json\/wp\/v2\/media?parent=45447"}],"curies":[{"name":"wp","href":"https:\/\/api.w.org\/{rel}","templated":true}]}}