{"id":19784,"date":"2017-03-03T14:54:55","date_gmt":"2017-03-03T13:54:55","guid":{"rendered":"https:\/\/www.sprachschule-aktiv-muenchen.de\/?page_id=19784\/"},"modified":"2021-03-13T06:28:22","modified_gmt":"2021-03-13T05:28:22","slug":"salud-y-familia-en-alemania","status":"publish","type":"page","link":"https:\/\/www.sprachschule-aktiv-muenchen.de\/es\/salud-y-familia-en-alemania\/","title":{"rendered":"Salud y Familia"},"content":{"rendered":"<p>[vc_row css=&#8221;.vc_custom_1488548252642{padding-top: 30px !important;padding-bottom: 30px !important;}&#8221;][vc_column][vc_column_text]<\/p>\n<h1>Embarazo y protecci\u00f3n de la madre<\/h1>\n<h2>Consulta de embarazadas<\/h2>\n<p>Si est\u00e1 embarazada puede dirigirse al consultorio para embarazadas con cualquier pregunta sobre el tema del embarazo y del parto. Aqu\u00ed le soportan antes y durante el embarazo con informaciones m\u00e9dicas, sociales y jur\u00eddicas.<\/p>\n<p>Informaciones generales:<\/p>\n<ul>\n<li>Cuestiones en conexi\u00f3n con el embarazo<\/li>\n<li>Prestaciones financieras y sociales durante y despu\u00e9s del embarazo<\/li>\n<li>Derecho laboral (por ejemplo ley de protecci\u00f3n a la madre, tiempo de padres, etc.)<\/li>\n<li>Aborto provocado<\/li>\n<li>Posibilidades de cuidado de ni\u00f1os<\/li>\n<\/ul>\n<p>[\/vc_column_text][vc_column_text]Sociedades caritativas y asociaciones familiares, instituciones eclesi\u00e1sticas, oficinas de asistencia social, oficinas sanitarias y m\u00e9dicos ofrecen asesoramiento en materia de embarazo y conflictos.[\/vc_column_text][\/vc_column][\/vc_row][vc_row full_width=&#8221;stretch_row&#8221; css=&#8221;.vc_custom_1488548431538{padding-top: 30px !important;padding-bottom: 30px !important;background-color: #f9f9f9 !important;}&#8221;][vc_column][vc_column_text]<\/p>\n<h2>Sugerencia<\/h2>\n<p>La mayor\u00eda de las ofertas de consulta son gratuitas y pueden ser efectuadas tambi\u00e9n en forma an\u00f3nima. Junto a la consulta personal existen a menudo ofertas por internet o por tel\u00e9fono.<\/p>\n<h2>Embarazo y el tiempo despu\u00e9s del parto<\/h2>\n<p>Durante el embarazo y despu\u00e9s del parto tiene usted derecho a la asistencia por una matrona o un m\u00e9dico. Tan pronto que se haya enterado de su embarazo deber\u00eda consultar una vez por mes al ginec\u00f3logo \u2013 a partir de la 32a semana del embarazo incluso todas las dos semanas. Las cajas de enfermedad correr\u00e1n con los gastos de prevenci\u00f3n maternal.<\/p>\n<h2>Protecci\u00f3n a la madre para embarazadas empleadas<\/h2>\n<p>Embarazadas empleadas gozan de una protecci\u00f3n especial \u2013 la llamada protecci\u00f3n a la madre. Comienza seis semanas antes del parto y termina ocho semanas despu\u00e9s. En Alemania, esta protecci\u00f3n est\u00e1 regulada por la ley. Durante este per\u00edodo las embarazadas no deben trabajar. Su puesto de trabajo queda reservado, pueden regresar al t\u00e9rmino de la protecci\u00f3n a la madre. Adem\u00e1s, las embarazadas no deben trabajar m\u00e1s de 8,5 horas diarias y no deben efectuar trabajos f\u00edsicos duros. M\u00e1s detalles al respecto proporcionar\u00e1n los empleadores y las oficinas de consulta arriba indicadas.<\/p>\n<p>Aqu\u00ed puede obtener m\u00e1s informaci\u00f3n en su lugar de residencia:<\/p>\n<ul>\n<li>Asesoramiento de migraci\u00f3n para inmigrantes adultos y servicio de migraci\u00f3n de j\u00f3venes<\/li>\n<li>Ginec\u00f3logo<\/li>\n<li>Consultorio para embarazadas \/ conflictos durante el embarazo<\/li>\n<li>Oficina sanitaria<\/li>\n<li>Empleador<\/li>\n<\/ul>\n<h2>Material de informaci\u00f3n<\/h2>\n<p>&#8230; referente a los temas:<\/p>\n<ul>\n<li>Ley de Protecci\u00f3n a la Madre (gu\u00eda de protecci\u00f3n a la madre) (<a title=\"Externer Link: Webseite Mutterschutzgesetz - Leitfaden zum Mutterschutz , Serviceportal des Bundesministerium f\u00fcr Familie, Senioren, Frauen und Jugend (\u00d6ffne \" href=\"https:\/\/www.bmfsfj.de\/bmfsfj\" target=\"_blank\" rel=\"nofollow noopener\">alem\u00e1n<\/a>)<\/li>\n<li>Asesoramiento de embarazadas (\u00a7218) (<a title=\"Externer Link: Informationen \u00fcber das Schwangerschaftskonfliktgesetz und gesetzliche Regelungen im Kontext des \u00a7 218 Strafgesetzbuch. (\u00d6ffnet neues Fenster) \" href=\"https:\/\/www.bmfsfj.de\/bmfsfj\" target=\"_blank\" rel=\"nofollow noopener\">alem\u00e1n<\/a>)<\/li>\n<li>Encontrar\u00e1 en la lista de publicaciones en la p\u00e1gina web del Ministerio Federal de Familia, Tercera Edad, Mujeres y J\u00f3venes: <a href=\"https:\/\/www.bmfsfj.de\/\" target=\"_blank\" rel=\"noopener\">Bundesministeriums f\u00fcr Familie, Senioren, Frauen und Jugend.<\/a><\/li>\n<\/ul>\n<p>[\/vc_column_text][\/vc_column][\/vc_row][vc_row full_width=&#8221;stretch_row&#8221; css=&#8221;.vc_custom_1488548480422{padding-top: 30px !important;padding-bottom: 30px !important;}&#8221;][vc_column][vc_column_text]<\/p>\n<h2>Ayuda para familias en crisis<\/h2>\n<p>Cuando predominan los conflictos en la familia e incluso la violencia deber\u00eda recurrir a ayuda profesional. En Alemania existen muchos centros de asesoramiento que pueden prestar ayuda en caso de problemas en su familia. Los servicios de todos estos centros son gratuitos y el personal ayuda siempre de modo r\u00e1pido y sin burocracia \u2013 tambi\u00e9n sin indicaci\u00f3n del nombre\/ de forma an\u00f3nima.<\/p>\n<p>Todos los ni\u00f1os en Alemania tienen derecho a una educaci\u00f3n sin violencia. Todos los ni\u00f1os, sobre todo beb\u00e9s y ni\u00f1os de corta edad, requieren nuestra atenci\u00f3n. Cuando teme que un ni\u00f1o quede desatendido o maltratado dir\u00edjase por favor a la polic\u00eda, la oficina de protecci\u00f3n de menores o un servicio de consulta educativa.<\/p>\n<p>Aqu\u00ed puede obtener m\u00e1s informaci\u00f3n en su lugar de residencia:<\/p>\n<ul>\n<li>Asesoramiento de migraci\u00f3n para inmigrantes adultos y servicio de migraci\u00f3n de j\u00f3venes<\/li>\n<li>Centros de asesoramiento a la educaci\u00f3n, la familia y de informaci\u00f3n matrimonial<\/li>\n<li>Oficinas de protecci\u00f3n de menores<\/li>\n<\/ul>\n<h2>Ayuda en caso de enfermedad y accidentes<\/h2>\n<p>Si usted cae enfermo deber\u00eda consultar a un m\u00e9dico de medicina general en su entorno. Estos m\u00e9dicos le ayudan y, en caso necesario, le env\u00edan a un especialista.<\/p>\n<p>En Alemania, por regla general, las cajas de enfermedad corren con los gastos de atenci\u00f3n m\u00e9dica, una estancia en el hospital o de medicamentos \u2013 salvo una retenci\u00f3n propia a pagar por el paciente. Por tanto es importante su afiliaci\u00f3n a un seguro de enfermedad obligatorio o privado.<\/p>\n<p>La mayor\u00eda de los alemanes est\u00e1n asegurados en la caja de enfermedad obligatoria que es vinculante hasta un determinado l\u00edmite de ingresos. Si gana m\u00e1s puede escoger entre una afiliaci\u00f3n voluntaria en el seguro de enfermedad obligatorio o bien privado.<\/p>\n<p>Si est\u00e1 asegurado en el seguro de enfermedad obligatorio y si desea consultar a un m\u00e9dico, paga una tasa de consultorio de 10 euros por trimestre. Todas las dem\u00e1s consultas en este per\u00edodo son gratuitas. Los medicamentos prescritos puede recoger en una farmacia. All\u00ed pagar\u00e1 una reducida parte del precio (m\u00e1ximo 10 euros), del resto se encarga el seguro de enfermedad. Medicamentos para ni\u00f1os y j\u00f3venes hasta la edad de 18 a\u00f1os concluidos son gratuitos siempre que fueran prescritos por un m\u00e9dico. Si est\u00e1 asegurado en un seguro de enfermedad privado, debe pagar las consultas del m\u00e9dico y los medicamentos. A continuaci\u00f3n puede enviar la factura a su seguro de enfermedad que le rembolsar\u00e1 el importe.<\/p>\n<p>En caso de accidente, caso de emergencia o si se enferma fuera del horario de consulta puede llamar a un servicio m\u00e9dico de emergencia o dirigirse \u2013 en casos urgentes- directamente al servicio de socorro.<\/p>\n<p>Los n\u00fameros de tel\u00e9fono m\u00e1s importantes que valen en toda Alemania:<\/p>\n<ul>\n<li>Servicio de socorro: 112<\/li>\n<li>Llamada de emergencia por intoxicaci\u00f3n: 19240<\/li>\n<\/ul>\n<p>Las farmacias tienen tambi\u00e9n un servicio nocturno o de emergencia. Informaci\u00f3n actual al respecto puede encontrar en su peri\u00f3dico local.<\/p>\n<h2>Ayuda en su idioma<\/h2>\n<p>\u00bfUsted habla poco alem\u00e1n y desea consultar a un m\u00e9dico que habla su idioma? La Asociaci\u00f3n de los M\u00e9dicos de Caja del Estado federado en que vive le puede ayudar. Las direcciones y n\u00fameros de tel\u00e9fono de las asociaciones encuentra en la p\u00e1gina web: www.kbv.de, t\u00f3pico del men\u00fa Service\/Arztsuche (servicio\/b\u00fasqueda de m\u00e9dico).<\/p>\n<p>Secreto profesional m\u00e9dico<\/p>\n<p>Sin su consentimiento, los m\u00e9dicos no deben dar informaci\u00f3n sobre su persona a terceros &#8211; ni a autoridades oficiales, su empleador o sus familiares. Esto vale, en parte, tambi\u00e9n para informaci\u00f3n sobre la salud de sus hijos. El ginec\u00f3logo, p. ej., no est\u00e1 autorizado para darle los resultados del examen m\u00e9dico de su hija de 16 a\u00f1os sin que ella lo haya permitido.<\/p>\n<p>Aqu\u00ed puede obtener m\u00e1s informaci\u00f3n en su lugar de residencia:<\/p>\n<ul>\n<li>Asesoramiento de migraci\u00f3n para inmigrantes adultos y servicio de migraci\u00f3n de j\u00f3venes<\/li>\n<li>M\u00e9dico de cabecera<\/li>\n<li>Caja de enfermedad<\/li>\n<li>Oficina sanitaria<\/li>\n<\/ul>\n<p>[\/vc_column_text][vc_column_text]<\/p>\n<h2>Participaci\u00f3n de personas impedidas<\/h2>\n<p>El Estado alem\u00e1n fomenta la participaci\u00f3n de personas con impedimento f\u00edsico, ps\u00edquico o mental en la vida social con igualdad de derechos. Minusv\u00e1lidos profundos gozan de protecci\u00f3n especial en la vida laboral y profesional, por ejemplo en caso de despido.<\/p>\n<h2>Solicitar un carnet de minusv\u00e1lido<\/h2>\n<p>Si usted padece de un impedimento o de gran invalidez puede solicitar en la oficina de previsi\u00f3n (Versorgungsamt) un carnet de (gran) invalidez que comprueba el grado de su impedimento. Con este carnet obtiene p.ej. rebajas en los medios p\u00fablicos de transporte.<\/p>\n<p>Aqu\u00ed puede obtener m\u00e1s informaci\u00f3n en su lugar de residencia:<\/p>\n<ul>\n<li>Asesoramiento de migraci\u00f3n para inmigrantes adultos y servicio de migraci\u00f3n de j\u00f3venes<\/li>\n<li>M\u00e9dico de cabecera<\/li>\n<li>Caja de enfermedad<\/li>\n<li>Oficina sanitaria y social<\/li>\n<li>Seguro de pensiones<\/li>\n<\/ul>\n<p>[\/vc_column_text][\/vc_column][\/vc_row]<\/p>\n","protected":false},"excerpt":{"rendered":"<p>[vc_row css=&#8221;.vc_custom_1488548252642{padding-top: 30px !important;padding-bottom: 30px !important;}&#8221;][vc_column][vc_column_text] Embarazo y protecci\u00f3n de la madre Consulta de embarazadas Si est\u00e1 embarazada puede dirigirse al consultorio para embarazadas con cualquier pregunta sobre el tema del embarazo y del parto. Aqu\u00ed le soportan antes y durante el embarazo con informaciones m\u00e9dicas, sociales y jur\u00eddicas. Informaciones generales: Cuestiones en conexi\u00f3n con&hellip; <a class=\"read-more\" href=\"https:\/\/www.sprachschule-aktiv-muenchen.de\/es\/salud-y-familia-en-alemania\/\" title=\"Read Salud y Familia\">Read more &raquo;<\/a><\/p>\n","protected":false},"author":2,"featured_media":0,"parent":0,"menu_order":0,"comment_status":"closed","ping_status":"closed","template":"","meta":{"footnotes":""},"class_list":["post-19784","page","type-page","status-publish","hentry"],"yoast_head":"<!-- This site is optimized with the Yoast SEO plugin v27.1.1 - https:\/\/yoast.com\/product\/yoast-seo-wordpress\/ -->\n<title>Salud y Familia en Alemania. Informaciones generales<\/title>\n<meta name=\"description\" content=\"Salud y Familia en Alemania. Informaciones generales : Prestaciones financieras y sociales durante y despu\u00e9s del embarazo, derechos laborales...\" \/>\n<meta name=\"robots\" content=\"index, follow, max-snippet:-1, max-image-preview:large, max-video-preview:-1\" \/>\n<link rel=\"canonical\" href=\"https:\/\/www.sprachschule-aktiv-muenchen.de\/es\/salud-y-familia-en-alemania\/\" \/>\n<meta property=\"og:locale\" content=\"es_ES\" \/>\n<meta property=\"og:type\" content=\"article\" \/>\n<meta property=\"og:title\" content=\"Salud y Familia en Alemania. Informaciones generales\" \/>\n<meta property=\"og:description\" content=\"Salud y Familia en Alemania. Informaciones generales : Prestaciones financieras y sociales durante y despu\u00e9s del embarazo, derechos laborales...\" \/>\n<meta property=\"og:url\" content=\"https:\/\/www.sprachschule-aktiv-muenchen.de\/es\/salud-y-familia-en-alemania\/\" \/>\n<meta property=\"og:site_name\" content=\"Sprachschule Aktiv\" \/>\n<meta property=\"article:modified_time\" content=\"2021-03-13T05:28:22+00:00\" \/>\n<meta name=\"twitter:card\" content=\"summary_large_image\" \/>\n<meta name=\"twitter:label1\" content=\"Tiempo de lectura\" \/>\n\t<meta name=\"twitter:data1\" content=\"6 minutos\" \/>\n<script type=\"application\/ld+json\" class=\"yoast-schema-graph\">{\"@context\":\"https:\/\/schema.org\",\"@graph\":[{\"@type\":\"WebPage\",\"@id\":\"https:\/\/www.sprachschule-aktiv-muenchen.de\/es\/salud-y-familia-en-alemania\/\",\"url\":\"https:\/\/www.sprachschule-aktiv-muenchen.de\/es\/salud-y-familia-en-alemania\/\",\"name\":\"Salud y Familia en Alemania. Informaciones generales\",\"isPartOf\":{\"@id\":\"https:\/\/www.sprachschule-aktiv-muenchen.de\/#website\"},\"datePublished\":\"2017-03-03T13:54:55+00:00\",\"dateModified\":\"2021-03-13T05:28:22+00:00\",\"description\":\"Salud y Familia en Alemania. Informaciones generales : Prestaciones financieras y sociales durante y despu\u00e9s del embarazo, derechos laborales...\",\"breadcrumb\":{\"@id\":\"https:\/\/www.sprachschule-aktiv-muenchen.de\/es\/salud-y-familia-en-alemania\/#breadcrumb\"},\"inLanguage\":\"es\",\"potentialAction\":[{\"@type\":\"ReadAction\",\"target\":[\"https:\/\/www.sprachschule-aktiv-muenchen.de\/es\/salud-y-familia-en-alemania\/\"]}]},{\"@type\":\"BreadcrumbList\",\"@id\":\"https:\/\/www.sprachschule-aktiv-muenchen.de\/es\/salud-y-familia-en-alemania\/#breadcrumb\",\"itemListElement\":[{\"@type\":\"ListItem\",\"position\":1,\"name\":\"Portada\",\"item\":\"https:\/\/www.sprachschule-aktiv-muenchen.de\/es\/\"},{\"@type\":\"ListItem\",\"position\":2,\"name\":\"Salud y Familia\"}]},{\"@type\":\"WebSite\",\"@id\":\"https:\/\/www.sprachschule-aktiv-muenchen.de\/#website\",\"url\":\"https:\/\/www.sprachschule-aktiv-muenchen.de\/\",\"name\":\"Sprachschule Aktiv\",\"description\":\"\",\"potentialAction\":[{\"@type\":\"SearchAction\",\"target\":{\"@type\":\"EntryPoint\",\"urlTemplate\":\"https:\/\/www.sprachschule-aktiv-muenchen.de\/?s={search_term_string}\"},\"query-input\":{\"@type\":\"PropertyValueSpecification\",\"valueRequired\":true,\"valueName\":\"search_term_string\"}}],\"inLanguage\":\"es\"}]}<\/script>\n<!-- \/ Yoast SEO plugin. -->","yoast_head_json":{"title":"Salud y Familia en Alemania. Informaciones generales","description":"Salud y Familia en Alemania. Informaciones generales : Prestaciones financieras y sociales durante y despu\u00e9s del embarazo, derechos laborales...","robots":{"index":"index","follow":"follow","max-snippet":"max-snippet:-1","max-image-preview":"max-image-preview:large","max-video-preview":"max-video-preview:-1"},"canonical":"https:\/\/www.sprachschule-aktiv-muenchen.de\/es\/salud-y-familia-en-alemania\/","og_locale":"es_ES","og_type":"article","og_title":"Salud y Familia en Alemania. Informaciones generales","og_description":"Salud y Familia en Alemania. Informaciones generales : Prestaciones financieras y sociales durante y despu\u00e9s del embarazo, derechos laborales...","og_url":"https:\/\/www.sprachschule-aktiv-muenchen.de\/es\/salud-y-familia-en-alemania\/","og_site_name":"Sprachschule Aktiv","article_modified_time":"2021-03-13T05:28:22+00:00","twitter_card":"summary_large_image","twitter_misc":{"Tiempo de lectura":"6 minutos"},"schema":{"@context":"https:\/\/schema.org","@graph":[{"@type":"WebPage","@id":"https:\/\/www.sprachschule-aktiv-muenchen.de\/es\/salud-y-familia-en-alemania\/","url":"https:\/\/www.sprachschule-aktiv-muenchen.de\/es\/salud-y-familia-en-alemania\/","name":"Salud y Familia en Alemania. Informaciones generales","isPartOf":{"@id":"https:\/\/www.sprachschule-aktiv-muenchen.de\/#website"},"datePublished":"2017-03-03T13:54:55+00:00","dateModified":"2021-03-13T05:28:22+00:00","description":"Salud y Familia en Alemania. Informaciones generales : Prestaciones financieras y sociales durante y despu\u00e9s del embarazo, derechos laborales...","breadcrumb":{"@id":"https:\/\/www.sprachschule-aktiv-muenchen.de\/es\/salud-y-familia-en-alemania\/#breadcrumb"},"inLanguage":"es","potentialAction":[{"@type":"ReadAction","target":["https:\/\/www.sprachschule-aktiv-muenchen.de\/es\/salud-y-familia-en-alemania\/"]}]},{"@type":"BreadcrumbList","@id":"https:\/\/www.sprachschule-aktiv-muenchen.de\/es\/salud-y-familia-en-alemania\/#breadcrumb","itemListElement":[{"@type":"ListItem","position":1,"name":"Portada","item":"https:\/\/www.sprachschule-aktiv-muenchen.de\/es\/"},{"@type":"ListItem","position":2,"name":"Salud y Familia"}]},{"@type":"WebSite","@id":"https:\/\/www.sprachschule-aktiv-muenchen.de\/#website","url":"https:\/\/www.sprachschule-aktiv-muenchen.de\/","name":"Sprachschule Aktiv","description":"","potentialAction":[{"@type":"SearchAction","target":{"@type":"EntryPoint","urlTemplate":"https:\/\/www.sprachschule-aktiv-muenchen.de\/?s={search_term_string}"},"query-input":{"@type":"PropertyValueSpecification","valueRequired":true,"valueName":"search_term_string"}}],"inLanguage":"es"}]}},"_links":{"self":[{"href":"https:\/\/www.sprachschule-aktiv-muenchen.de\/es\/wp-json\/wp\/v2\/pages\/19784","targetHints":{"allow":["GET"]}}],"collection":[{"href":"https:\/\/www.sprachschule-aktiv-muenchen.de\/es\/wp-json\/wp\/v2\/pages"}],"about":[{"href":"https:\/\/www.sprachschule-aktiv-muenchen.de\/es\/wp-json\/wp\/v2\/types\/page"}],"author":[{"embeddable":true,"href":"https:\/\/www.sprachschule-aktiv-muenchen.de\/es\/wp-json\/wp\/v2\/users\/2"}],"replies":[{"embeddable":true,"href":"https:\/\/www.sprachschule-aktiv-muenchen.de\/es\/wp-json\/wp\/v2\/comments?post=19784"}],"version-history":[{"count":3,"href":"https:\/\/www.sprachschule-aktiv-muenchen.de\/es\/wp-json\/wp\/v2\/pages\/19784\/revisions"}],"predecessor-version":[{"id":63274,"href":"https:\/\/www.sprachschule-aktiv-muenchen.de\/es\/wp-json\/wp\/v2\/pages\/19784\/revisions\/63274"}],"wp:attachment":[{"href":"https:\/\/www.sprachschule-aktiv-muenchen.de\/es\/wp-json\/wp\/v2\/media?parent=19784"}],"curies":[{"name":"wp","href":"https:\/\/api.w.org\/{rel}","templated":true}]}}