{"id":18475,"date":"2017-03-01T15:25:58","date_gmt":"2017-03-01T14:25:58","guid":{"rendered":"https:\/\/www.sprachschule-aktiv-muenchen.de\/?page_id=18475\/"},"modified":"2024-11-19T14:44:55","modified_gmt":"2024-11-19T13:44:55","slug":"cursos-de-aleman-para-au-pairs-en-munich","status":"publish","type":"page","link":"https:\/\/www.sprachschule-aktiv-muenchen.de\/es\/cursos-de-aleman-para-au-pairs-en-munich\/","title":{"rendered":"Cursos para Au-Pairs"},"content":{"rendered":"<p>[vc_row css=&#8221;.vc_custom_1488376165218{padding-top: 30px !important;padding-bottom: 30px !important;}&#8221;][vc_column][vc_column_text]<\/p>\n<h1>Cursos de alem\u00e1n para Au-Pairs en M\u00fanich<\/h1>\n<p>[\/vc_column_text][vc_row_inner][vc_column_inner width=&#8221;1\/2&#8243;][vc_column_text]Aprender alem\u00e1n en M\u00fanich es muy divertido. Como Au-Pair en Alemania tendr\u00e1s la oportunidad de conocer gente de todo el mundo. Despu\u00e9s de las clases de alem\u00e1n, organizamos <strong>muchas excursiones, fiestas y encuentros con alemanes<\/strong> para que as\u00ed practiques tu idioma y te diviertas de lo lindo! Como Au Pair en Munich ayudamos con el alojamiento y el traslado es gratuito!<\/p>\n<p>\u00a1Hablamos espa\u00f1ol! En nuestra escuela de alem\u00e1n en M\u00fanich hablamos espa\u00f1ol. Para cualquier duda o ayuda habr\u00e1 alguien que te pueda ayudar en tu idioma materno. Curso Intensivo de Alem\u00e1n para Au-Pairs. Aprenda alem\u00e1n en M\u00fanich. Cursos de alem\u00e1n en M\u00fanich con los mejores profesores. Vive el alem\u00e1n! Nuestros cursos de alem\u00e1n especiales para Au Pairs los puede tomar en una de nuestras 2 escuelas en M\u00fanich.<\/p>\n<p><strong>Aprenda alem\u00e1n en M\u00fanich &#8211; Alemania<\/strong> con nuestro curso intensivo de alem\u00e1n recomendado a personas que en poco tiempo quieran obtener conocimientos b\u00e1sicos del idioma alem\u00e1n.[\/vc_column_text][\/vc_column_inner][vc_column_inner width=&#8221;1\/2&#8243;][vc_single_image image=&#8221;18501&#8243; img_size=&#8221;full&#8221; style=&#8221;vc_box_outline&#8221;][\/vc_column_inner][\/vc_row_inner][\/vc_column][\/vc_row][vc_row][vc_column][vc_btn title=&#8221;Cont\u00e1ctanos&#8221; color=&#8221;sky&#8221; size=&#8221;lg&#8221; link=&#8221;url:https%3A%2F%2Fwww.sprachschule-aktiv-muenchen.de%2Fkontakt%2F&#8221;][\/vc_column][\/vc_row][vc_row full_width=&#8221;stretch_row&#8221; css=&#8221;.vc_custom_1488376481584{padding-top: 30px !important;padding-bottom: 30px !important;background-color: #f9f9f9 !important;}&#8221;][vc_column][vc_column_text]<\/p>\n<h2>FECHAS DE INICIO 2025<\/h2>\n<p>\n<table id=\"tablepress-74\" class=\"tablepress tablepress-id-74 tablepress-responsive tbody-has-connected-cells\">\n<thead>\n<tr class=\"row-1\">\n\t<th colspan=\"3\" class=\"column-1\">Curso Superintensivo de Alem\u00e1n de LUNES a VIERNES de 9:00 a 12:00<\/th>\n<\/tr>\n<\/thead>\n<tbody class=\"row-striping row-hover\">\n<tr class=\"row-2\">\n\t<td class=\"column-1\">Enero<\/td><td class=\"column-2\">Febrero<\/td><td class=\"column-3\">Marzo<\/td>\n<\/tr>\n<tr class=\"row-3\">\n\t<td class=\"column-1\">*Martes 07.01.2025<\/td><td class=\"column-2\">Lunes 03.02.2025<\/td><td class=\"column-3\">Lunes 03.03.2025<\/td>\n<\/tr>\n<tr class=\"row-4\">\n\t<td class=\"column-1\">Abril<\/td><td class=\"column-2\">Mayo<\/td><td class=\"column-3\">Junio<\/td>\n<\/tr>\n<tr class=\"row-5\">\n\t<td class=\"column-1\">Lunes 31.03.2025<\/td><td class=\"column-2\">Lunes 05.05.2025<\/td><td class=\"column-3\">Lunes 02.06.2025<\/td>\n<\/tr>\n<tr class=\"row-6\">\n\t<td class=\"column-1\">Julio<\/td><td class=\"column-2\">Agosto<\/td><td class=\"column-3\">Septiembre<\/td>\n<\/tr>\n<tr class=\"row-7\">\n\t<td class=\"column-1\">Lunes 07.07.2025<\/td><td class=\"column-2\">Lunes 04.08.2025<\/td><td class=\"column-3\">Lunes 01.09.2025<\/td>\n<\/tr>\n<tr class=\"row-8\">\n\t<td class=\"column-1\">Octubre<\/td><td class=\"column-2\">Noviembre<\/td><td class=\"column-3\">Diciembre<\/td>\n<\/tr>\n<tr class=\"row-9\">\n\t<td class=\"column-1\">*Lunes 29.09.2025<\/td><td class=\"column-2\">*Lunes 27.10.2025<\/td><td class=\"column-3\">*Lunes 24.11.2025<\/td>\n<\/tr>\n<tr class=\"row-10\">\n\t<td colspan=\"3\" class=\"column-1\">Curso Intensivo de Alem\u00e1n de Lunes a Viernes<\/td>\n<\/tr>\n<tr class=\"row-11\">\n\t<td class=\"column-1\"><\/td><td class=\"column-2\"><\/td><td class=\"column-3\"><\/td>\n<\/tr>\n<tr class=\"row-12\">\n\t<td class=\"column-1\">Precios:<br \/>\n1 semana: 199\u20ac<br \/>\n2 semanas: 349\u20ac<br \/>\n3 semanas: 411\u20ac<br \/>\n4 semanas: 499\u20ac<br \/>\n<\/td><td class=\"column-2\"><\/td><td class=\"column-3\"><\/td>\n<\/tr>\n<tr class=\"row-13\">\n\t<td colspan=\"3\" class=\"column-1\">(*) Horario a partir de 5 alumnos.<\/td>\n<\/tr>\n<\/tbody>\n<\/table>\n<!-- #tablepress-74 from cache --><br \/>\n[\/vc_column_text][\/vc_column][\/vc_row][vc_row full_width=&#8221;stretch_row&#8221; css=&#8221;.vc_custom_1488376625867{padding-top: 30px !important;padding-bottom: 30px !important;}&#8221;][vc_column width=&#8221;1\/2&#8243;][vc_single_image image=&#8221;18523&#8243; img_size=&#8221;full&#8221; style=&#8221;vc_box_outline&#8221;][\/vc_column][vc_column width=&#8221;1\/2&#8243;][vc_column_text]Aprenda alem\u00e1n en M\u00fanich, una ciudad con vida e historia. Estudiar alem\u00e1n en nuestros cursos intensivos de alem\u00e1n en grupo es la manera m\u00e1s r\u00e1pida y efectiva para aprender el idioma alem\u00e1n. Nuestros cursos intensivos de alem\u00e1n en M\u00fanich ser\u00e1n dados por los mejores profesores que no solo se dedicar\u00e1n a darle una clase de alem\u00e1n, sino que tambi\u00e9n de mostrarle y explicarle la cultura alemana. \u00a1Viva y aprenda el alem\u00e1n con nosotros!<\/p>\n<p>Nuestros cursos de alem\u00e1n intensivos los puede tomar en una de nuestras 3 escuelas en M\u00fanich, donde usted desee o mejor le convenga. Nuestras 3 escuelas de alem\u00e1n en M\u00fanich son muy c\u00e9ntricas y cercanas del metro o estaciones de autob\u00fas. Duraci\u00f3n: Desde 5 alumnos son 20 horas acad\u00e9micas semanales (c\/h \u00e1 45 Min.<\/p>\n<p>Estudiar alem\u00e1n en Alemania con nuestras cursos Intensivos es la forma m\u00e1s r\u00e1pida de aprender alem\u00e1n. Nuestros cursos intensivos de alem\u00e1n son recomendados a personas que, en poco tiempo, quieran obtener conocimientos b\u00e1sicos del idioma alem\u00e1n de una forma r\u00e1pida y compacta. [\/vc_column_text][\/vc_column][\/vc_row][vc_row full_width=&#8221;stretch_row&#8221; css=&#8221;.vc_custom_1488376691775{padding-top: 30px !important;padding-bottom: 30px !important;background-color: #f9f9f9 !important;}&#8221;][vc_column][vc_column_text]Nuestros cursos intensivos de alem\u00e1n son para todos los niveles: principiante, intermedio o avanzado. Escuela de alem\u00e1n en M\u00fanich &#8211; Cursos de alem\u00e1n en M\u00fanich. Nuestros cursos intensivos en Munich son de lunes a viernes (20 horas por semana). \u00a1Por todo un mes paga solo 499 \u20ac ! Aprenda alem\u00e1n en M\u00fanich &#8211; Alemania y mejore su perspectivas laborales y\/o personales. El idioma alem\u00e1n es uno de los idiomas m\u00e1s importantes de la comunidad europea.<\/p>\n<p>En nuestras escuelas de alem\u00e1n le ofrecemos diversos cursos de alem\u00e1n. Si desea puede primero hacer una clase de prueba gratuita en nuestros institutos de alem\u00e1n. Aparte de aprender el alem\u00e1n organizamos diversas actividades para que nuestros estudiantes conozcan la cultura alemana y entren en contacto con las costumbres alemanas. En nuestras escuelas no solo ofrecemos alem\u00e1n, sino que tambi\u00e9n impartimos muchos idiomas m\u00e1s como el ingl\u00e9s o el castellano. Por eso encontrar\u00e1 siempre la ayuda de compatriotas para cualquier problema que pudiera surgirle.<\/p>\n<p>Nuestra escuela es reconocida mundialmente y nuestros certificados tambi\u00e9n. Todos nuestros alumnos reciben al final del curso de alem\u00e1n el respectivo certificado que es reconocido en toda Europa.<\/p>\n<p>Si desea aprender alem\u00e1n en Alemania de una manera r\u00e1pida y divertida, nuestra escuela de alem\u00e1n en M\u00fanich &#8220;Sprachschule Aktiv&#8221; es el lugar indicado para Usted. Nuestra escuela de alem\u00e1n es una instituci\u00f3n educativa reconocida y certificada en M\u00fanich. Al final de sus cursos de alem\u00e1n recibir\u00e1 un certificado oficial reconocido internacionalmente. Despu\u00e9s de nuestras clases de alem\u00e1n en M\u00fanich realizamos diversas actividades con nuestros estudiantes como por ejemplo, excursiones, visitas a museos, city tour en M\u00fanich, fiestas, encuentros con alemanes y mucho m\u00e1s. En nuestra escuela de aleman en M\u00fanich &#8220;Sprachschule Aktiv&#8221; no solo impartimos clases en alem\u00e1n, sino que tambi\u00e9n en otros idiomas como el espa\u00f1ol, el italiano, el polaco, el ruso o el chino, entre otros. Por eso, en Sprachschule Aktiv siempre le asesoraremos en su lengua materna.[\/vc_column_text][\/vc_column][\/vc_row]<\/p>\n","protected":false},"excerpt":{"rendered":"<p>[vc_row css=&#8221;.vc_custom_1488376165218{padding-top: 30px !important;padding-bottom: 30px !important;}&#8221;][vc_column][vc_column_text] Cursos de alem\u00e1n para Au-Pairs en M\u00fanich [\/vc_column_text][vc_row_inner][vc_column_inner width=&#8221;1\/2&#8243;][vc_column_text]Aprender alem\u00e1n en M\u00fanich es muy divertido. Como Au-Pair en Alemania tendr\u00e1s la oportunidad de conocer gente de todo el mundo. Despu\u00e9s de las clases de alem\u00e1n, organizamos muchas excursiones, fiestas y encuentros con alemanes para que as\u00ed practiques tu idioma&hellip; <a class=\"read-more\" href=\"https:\/\/www.sprachschule-aktiv-muenchen.de\/es\/cursos-de-aleman-para-au-pairs-en-munich\/\" title=\"Read Cursos para Au-Pairs\">Read more &raquo;<\/a><\/p>\n","protected":false},"author":2,"featured_media":0,"parent":0,"menu_order":0,"comment_status":"closed","ping_status":"closed","template":"","meta":{"footnotes":""},"class_list":["post-18475","page","type-page","status-publish","hentry"],"yoast_head":"<!-- This site is optimized with the Yoast SEO plugin v27.1.1 - https:\/\/yoast.com\/product\/yoast-seo-wordpress\/ -->\n<title>Cursos de alem\u00e1n para Aupairs en M\u00fanich<\/title>\n<meta name=\"description\" content=\"Cursos intensivos de alem\u00e1n para Aupairs por las ma\u00f1anas o por las noches. Tambi\u00e9n cursos semanales una vez por semana.\" \/>\n<meta name=\"robots\" content=\"index, follow, max-snippet:-1, max-image-preview:large, max-video-preview:-1\" \/>\n<link rel=\"canonical\" href=\"https:\/\/www.sprachschule-aktiv-muenchen.de\/es\/cursos-de-aleman-para-au-pairs-en-munich\/\" \/>\n<meta property=\"og:locale\" content=\"es_ES\" \/>\n<meta property=\"og:type\" content=\"article\" \/>\n<meta property=\"og:title\" content=\"Cursos de alem\u00e1n para Aupairs en M\u00fanich\" \/>\n<meta property=\"og:description\" content=\"Cursos intensivos de alem\u00e1n para Aupairs por las ma\u00f1anas o por las noches. Tambi\u00e9n cursos semanales una vez por semana.\" \/>\n<meta property=\"og:url\" content=\"https:\/\/www.sprachschule-aktiv-muenchen.de\/es\/cursos-de-aleman-para-au-pairs-en-munich\/\" \/>\n<meta property=\"og:site_name\" content=\"Sprachschule Aktiv\" \/>\n<meta property=\"article:modified_time\" content=\"2024-11-19T13:44:55+00:00\" \/>\n<meta name=\"twitter:card\" content=\"summary_large_image\" \/>\n<meta name=\"twitter:label1\" content=\"Tiempo de lectura\" \/>\n\t<meta name=\"twitter:data1\" content=\"5 minutos\" \/>\n<script type=\"application\/ld+json\" class=\"yoast-schema-graph\">{\"@context\":\"https:\/\/schema.org\",\"@graph\":[{\"@type\":\"WebPage\",\"@id\":\"https:\/\/www.sprachschule-aktiv-muenchen.de\/es\/cursos-de-aleman-para-au-pairs-en-munich\/\",\"url\":\"https:\/\/www.sprachschule-aktiv-muenchen.de\/es\/cursos-de-aleman-para-au-pairs-en-munich\/\",\"name\":\"Cursos de alem\u00e1n para Aupairs en M\u00fanich\",\"isPartOf\":{\"@id\":\"https:\/\/www.sprachschule-aktiv-muenchen.de\/#website\"},\"datePublished\":\"2017-03-01T14:25:58+00:00\",\"dateModified\":\"2024-11-19T13:44:55+00:00\",\"description\":\"Cursos intensivos de alem\u00e1n para Aupairs por las ma\u00f1anas o por las noches. Tambi\u00e9n cursos semanales una vez por semana.\",\"breadcrumb\":{\"@id\":\"https:\/\/www.sprachschule-aktiv-muenchen.de\/es\/cursos-de-aleman-para-au-pairs-en-munich\/#breadcrumb\"},\"inLanguage\":\"es\",\"potentialAction\":[{\"@type\":\"ReadAction\",\"target\":[\"https:\/\/www.sprachschule-aktiv-muenchen.de\/es\/cursos-de-aleman-para-au-pairs-en-munich\/\"]}]},{\"@type\":\"BreadcrumbList\",\"@id\":\"https:\/\/www.sprachschule-aktiv-muenchen.de\/es\/cursos-de-aleman-para-au-pairs-en-munich\/#breadcrumb\",\"itemListElement\":[{\"@type\":\"ListItem\",\"position\":1,\"name\":\"Portada\",\"item\":\"https:\/\/www.sprachschule-aktiv-muenchen.de\/es\/\"},{\"@type\":\"ListItem\",\"position\":2,\"name\":\"Cursos para Au-Pairs\"}]},{\"@type\":\"WebSite\",\"@id\":\"https:\/\/www.sprachschule-aktiv-muenchen.de\/#website\",\"url\":\"https:\/\/www.sprachschule-aktiv-muenchen.de\/\",\"name\":\"Sprachschule Aktiv\",\"description\":\"\",\"potentialAction\":[{\"@type\":\"SearchAction\",\"target\":{\"@type\":\"EntryPoint\",\"urlTemplate\":\"https:\/\/www.sprachschule-aktiv-muenchen.de\/?s={search_term_string}\"},\"query-input\":{\"@type\":\"PropertyValueSpecification\",\"valueRequired\":true,\"valueName\":\"search_term_string\"}}],\"inLanguage\":\"es\"}]}<\/script>\n<!-- \/ Yoast SEO plugin. -->","yoast_head_json":{"title":"Cursos de alem\u00e1n para Aupairs en M\u00fanich","description":"Cursos intensivos de alem\u00e1n para Aupairs por las ma\u00f1anas o por las noches. Tambi\u00e9n cursos semanales una vez por semana.","robots":{"index":"index","follow":"follow","max-snippet":"max-snippet:-1","max-image-preview":"max-image-preview:large","max-video-preview":"max-video-preview:-1"},"canonical":"https:\/\/www.sprachschule-aktiv-muenchen.de\/es\/cursos-de-aleman-para-au-pairs-en-munich\/","og_locale":"es_ES","og_type":"article","og_title":"Cursos de alem\u00e1n para Aupairs en M\u00fanich","og_description":"Cursos intensivos de alem\u00e1n para Aupairs por las ma\u00f1anas o por las noches. Tambi\u00e9n cursos semanales una vez por semana.","og_url":"https:\/\/www.sprachschule-aktiv-muenchen.de\/es\/cursos-de-aleman-para-au-pairs-en-munich\/","og_site_name":"Sprachschule Aktiv","article_modified_time":"2024-11-19T13:44:55+00:00","twitter_card":"summary_large_image","twitter_misc":{"Tiempo de lectura":"5 minutos"},"schema":{"@context":"https:\/\/schema.org","@graph":[{"@type":"WebPage","@id":"https:\/\/www.sprachschule-aktiv-muenchen.de\/es\/cursos-de-aleman-para-au-pairs-en-munich\/","url":"https:\/\/www.sprachschule-aktiv-muenchen.de\/es\/cursos-de-aleman-para-au-pairs-en-munich\/","name":"Cursos de alem\u00e1n para Aupairs en M\u00fanich","isPartOf":{"@id":"https:\/\/www.sprachschule-aktiv-muenchen.de\/#website"},"datePublished":"2017-03-01T14:25:58+00:00","dateModified":"2024-11-19T13:44:55+00:00","description":"Cursos intensivos de alem\u00e1n para Aupairs por las ma\u00f1anas o por las noches. Tambi\u00e9n cursos semanales una vez por semana.","breadcrumb":{"@id":"https:\/\/www.sprachschule-aktiv-muenchen.de\/es\/cursos-de-aleman-para-au-pairs-en-munich\/#breadcrumb"},"inLanguage":"es","potentialAction":[{"@type":"ReadAction","target":["https:\/\/www.sprachschule-aktiv-muenchen.de\/es\/cursos-de-aleman-para-au-pairs-en-munich\/"]}]},{"@type":"BreadcrumbList","@id":"https:\/\/www.sprachschule-aktiv-muenchen.de\/es\/cursos-de-aleman-para-au-pairs-en-munich\/#breadcrumb","itemListElement":[{"@type":"ListItem","position":1,"name":"Portada","item":"https:\/\/www.sprachschule-aktiv-muenchen.de\/es\/"},{"@type":"ListItem","position":2,"name":"Cursos para Au-Pairs"}]},{"@type":"WebSite","@id":"https:\/\/www.sprachschule-aktiv-muenchen.de\/#website","url":"https:\/\/www.sprachschule-aktiv-muenchen.de\/","name":"Sprachschule Aktiv","description":"","potentialAction":[{"@type":"SearchAction","target":{"@type":"EntryPoint","urlTemplate":"https:\/\/www.sprachschule-aktiv-muenchen.de\/?s={search_term_string}"},"query-input":{"@type":"PropertyValueSpecification","valueRequired":true,"valueName":"search_term_string"}}],"inLanguage":"es"}]}},"_links":{"self":[{"href":"https:\/\/www.sprachschule-aktiv-muenchen.de\/es\/wp-json\/wp\/v2\/pages\/18475","targetHints":{"allow":["GET"]}}],"collection":[{"href":"https:\/\/www.sprachschule-aktiv-muenchen.de\/es\/wp-json\/wp\/v2\/pages"}],"about":[{"href":"https:\/\/www.sprachschule-aktiv-muenchen.de\/es\/wp-json\/wp\/v2\/types\/page"}],"author":[{"embeddable":true,"href":"https:\/\/www.sprachschule-aktiv-muenchen.de\/es\/wp-json\/wp\/v2\/users\/2"}],"replies":[{"embeddable":true,"href":"https:\/\/www.sprachschule-aktiv-muenchen.de\/es\/wp-json\/wp\/v2\/comments?post=18475"}],"version-history":[{"count":8,"href":"https:\/\/www.sprachschule-aktiv-muenchen.de\/es\/wp-json\/wp\/v2\/pages\/18475\/revisions"}],"predecessor-version":[{"id":79131,"href":"https:\/\/www.sprachschule-aktiv-muenchen.de\/es\/wp-json\/wp\/v2\/pages\/18475\/revisions\/79131"}],"wp:attachment":[{"href":"https:\/\/www.sprachschule-aktiv-muenchen.de\/es\/wp-json\/wp\/v2\/media?parent=18475"}],"curies":[{"name":"wp","href":"https:\/\/api.w.org\/{rel}","templated":true}]}}