{"id":18448,"date":"2017-03-01T12:02:35","date_gmt":"2017-03-01T11:02:35","guid":{"rendered":"https:\/\/www.sprachschule-aktiv-muenchen.de\/?page_id=18448\/"},"modified":"2026-02-24T13:04:37","modified_gmt":"2026-02-24T12:04:37","slug":"cursos-de-aleman-testdaf-munich","status":"publish","type":"page","link":"https:\/\/www.sprachschule-aktiv-muenchen.de\/es\/cursos-de-aleman-testdaf-munich\/","title":{"rendered":"TestDaF Cursos de preparaci\u00f3n"},"content":{"rendered":"<p>[vc_row css=&#8221;.vc_custom_1488374174470{padding-top: 30px !important;padding-bottom: 30px !important;}&#8221;][vc_column width=&#8221;1\/2&#8243;][vc_column_text]<\/p>\n<h1>Curso de alem\u00e1n de preparaci\u00f3n para el examen TestDaF en M\u00fanich<\/h1>\n<p><strong>Cursos de preparaci\u00f3n TestDaF en M\u00fanich<\/strong> <span class=\"tlid-translation translation\" lang=\"es\"><span class=\"\" title=\"\">y toda la informaci\u00f3n sobre el<\/span><\/span> Examen-TestDaF! Curso de alem\u00e1n de preparaci\u00f3n para el examen <strong>TestDaF para Universidades e institutos superiores<\/strong>. Para poder estudiar en una universidad alemana o en un instituto superior necesita pasar un determinado examen &#8220;<strong>El TestDaf<\/strong>&#8220;. Nosotros le ayudamos de la manera m\u00e1s profesional y f\u00e1cil en pasar dicho examen. Nuestros cursos de preparaci\u00f3n cuestan solo 499 \u20ac al mes.<\/p>\n<p>Aprenda alem\u00e1n en M\u00fanich (Alemania) con nuestro curso intensivo recomendado a personas que en poco tiempo quieran obtener conocimientos necesarios para el examen &#8220;TestDaf&#8221;.[\/vc_column_text][\/vc_column][vc_column width=&#8221;1\/2&#8243;][vc_single_image image=&#8221;45460&#8243; img_size=&#8221;full&#8221; style=&#8221;vc_box_outline&#8221;][\/vc_column][\/vc_row][vc_row full_width=&#8221;stretch_row&#8221; css=&#8221;.vc_custom_1488374290122{padding-top: 30px !important;padding-bottom: 30px !important;background-color: #f9f9f9 !important;}&#8221;][vc_column][vc_column_text]<\/p>\n<h2>FECHAS DE INICIO 2026<\/h2>\n<p>\n<table id=\"tablepress-158\" class=\"tablepress tablepress-id-158 tablepress-responsive tbody-has-connected-cells\">\n<thead>\n<tr class=\"row-1\">\n\t<th colspan=\"3\" class=\"column-1\">Cursos superintensivos de alem\u00e1n de 09:00 a 12:00 <\/th>\n<\/tr>\n<\/thead>\n<tbody class=\"row-striping row-hover\">\n<tr class=\"row-2\">\n\t<td class=\"column-1\">ENERO<\/td><td class=\"column-2\">FEBRERO<\/td><td class=\"column-3\">MARZO<\/td>\n<\/tr>\n<tr class=\"row-3\">\n\t<td class=\"column-1\">05.01.2026<\/td><td class=\"column-2\">02.02.2026<\/td><td class=\"column-3\">02.03.2026<\/td>\n<\/tr>\n<tr class=\"row-4\">\n\t<td class=\"column-1\">ABRIL<\/td><td class=\"column-2\">MAYO<\/td><td class=\"column-3\">JUNIO<\/td>\n<\/tr>\n<tr class=\"row-5\">\n\t<td class=\"column-1\">30.03.2026*<\/td><td class=\"column-2\">04.05.2026<\/td><td class=\"column-3\">01.06.2026<\/td>\n<\/tr>\n<tr class=\"row-6\">\n\t<td class=\"column-1\">JULIO<\/td><td class=\"column-2\">AGOSTO<\/td><td class=\"column-3\">SEPTIEMBRE<\/td>\n<\/tr>\n<tr class=\"row-7\">\n\t<td class=\"column-1\">29.06.2026*<\/td><td class=\"column-2\">03.08.2026*<\/td><td class=\"column-3\">31.08.2026*<\/td>\n<\/tr>\n<tr class=\"row-8\">\n\t<td class=\"column-1\">OCTUBRE<\/td><td class=\"column-2\">NOVIEMBRE<\/td><td class=\"column-3\">DICIEMBRE<\/td>\n<\/tr>\n<tr class=\"row-9\">\n\t<td class=\"column-1\">28.09.2026*<\/td><td class=\"column-2\">26.10.2026*<\/td><td class=\"column-3\">23.11.2026*<\/td>\n<\/tr>\n<tr class=\"row-10\">\n\t<td colspan=\"3\" class=\"column-1\">Curso superintensivo de alem\u00e1n, de lunes a viernes<\/td>\n<\/tr>\n<tr class=\"row-11\">\n\t<td class=\"column-1\"><\/td><td class=\"column-2\"><\/td><td class=\"column-3\"><\/td>\n<\/tr>\n<tr class=\"row-12\">\n\t<td class=\"column-1\">Precios:<br \/>\n1 semana: 199\u20ac<br \/>\n2 semanas: 349\u20ac<br \/>\n3 semanas: 411\u20ac<br \/>\n4 semanas: 499\u20ac<br \/>\n<\/td><td class=\"column-2\"><\/td><td class=\"column-3\"><\/td>\n<\/tr>\n<tr class=\"row-13\">\n\t<td colspan=\"3\" class=\"column-1\">Horario a partir de 5 alumnos.<\/td>\n<\/tr>\n<\/tbody>\n<\/table>\n<!-- #tablepress-158 from cache -->[\/vc_column_text][\/vc_column][\/vc_row][vc_row full_width=&#8221;stretch_row&#8221; css=&#8221;.vc_custom_1488293157719{padding-top: 30px !important;padding-bottom: 30px !important;}&#8221;][vc_column][vc_column_text]<\/p>\n<p><a href=\"https:\/\/www.sprachschule-aktiv-muenchen.de\/es\/inscribete-cursos-aleman\/\"><img decoding=\"async\" class=\"alignnone size-full wp-image-52734\" src=\"https:\/\/www.sprachschule-aktiv-muenchen.de\/wp-content\/uploads\/2019\/11\/boton-inscribite.png\" alt=\"Inscr\u00edbete\" width=\"291\" height=\"70\" \/><\/a>[\/vc_column_text][\/vc_column][\/vc_row][vc_row full_width=&#8221;stretch_row&#8221; css=&#8221;.vc_custom_1488374490895{padding-top: 30px !important;padding-bottom: 30px !important;}&#8221;][vc_column][vc_column_text]<\/p>\n<h2>Cursos preparatorios TestDaf en M\u00fanich<\/h2>\n<p>En esta p\u00e1gina se encuentra toda la informaci\u00f3n necesaria sobre cursos, precios y fechas de inicio de nuestros cursos preparatorios.<\/p>\n<h2>Informaci\u00f3n general sobre la prueba de alem\u00e1n como lengua extranjera (TestDaF)<\/h2>\n<p>El TestDaF consiste en una prueba para alumnos de nivel avanzado. El marco com\u00fan europeo de referencia establece seis niveles del idioma (A1, A2, B1, B2, C1, C2). La prueba de alem\u00e1n como lengua extranjera se encuentra entre el nivel B1 y C1, presupone por tanto un alto nivel de dominio de la lengua. El TestDaF est\u00e1 reconocido por las escuelas de educaci\u00f3n superior como prueba de dominio suficiente de la lengua. Sin este examen ning\u00fan estudiante puede comenzar una carrera en la educaci\u00f3n superior, pues se requiere esta acreditaci\u00f3n. Si quiere estudiar pr\u00f3ximamente en la Universidad Ludwigs-Maximiliam (LMU) o en la universidad t\u00e9cnica (TU), debe superar el TestDaF. En caso de que su conocimiento de la lengua sea insuficiente o no est\u00e9 seguro de poder superar el examen, tiene mucho sentido hacer un curso preparatorio en Sprachschule Aktiv.[\/vc_column_text][\/vc_column][\/vc_row][vc_row full_width=&#8221;stretch_row&#8221; css=&#8221;.vc_custom_1488374546193{padding-top: 30px !important;padding-bottom: 30px !important;background-color: #f9f9f9 !important;}&#8221;][vc_column width=&#8221;1\/2&#8243;][vc_single_image image=&#8221;45462&#8243; img_size=&#8221;full&#8221; style=&#8221;vc_box_outline&#8221;][\/vc_column][vc_column width=&#8221;1\/2&#8243;][vc_column_text]<\/p>\n<h2>Informaci\u00f3n, precios y duraci\u00f3n de nuestro curso de preparaci\u00f3n TestDaF<\/h2>\n<ul>\n<li>El curso dura 4 semanas<\/li>\n<li>Ense\u00f1amos\u00a0 en grupos peque\u00f1os con un m\u00e1ximo de 9 alumnos<\/li>\n<li>Cada semana recibe 20 lecciones de 45 minutos cada una<\/li>\n<li>El horario de clases es de lunes a viernes de 9 a 12.<\/li>\n<li>Precio: 499 euros<\/li>\n<li>Puede empezar el primer lunes de cada mes. En caso de ser d\u00eda festivo, empieza un d\u00eda m\u00e1s tarde<\/li>\n<\/ul>\n<p>[\/vc_column_text][vc_column_text]Requisito: buen dominio del alem\u00e1n por encima del nivel B2<\/p>\n<p>En caso de no saber exactamente su nivel de idioma, puede hacer una prueba de nivel, presencial en nuestra escuela u online.[\/vc_column_text]\t<div class=\"vc_btn3-container vc_btn3-inline\">\r\n\t\t<a href=\"\/es\/inscribete-cursos-aleman\/\" class=\"pgs_btn pgs_btn_style_1 pgs_btn_lg\">\r\n\t\t\t<span>\r\n\t\t\t\tInscr\u00edbete ahora en los cursos\t\t\t<\/span>\r\n\t\t\t\t\t<\/a>\r\n\t<\/div>\r\n\t[\/vc_column][\/vc_row][vc_row full_width=&#8221;stretch_row&#8221; css=&#8221;.vc_custom_1488374634910{padding-top: 30px !important;padding-bottom: 30px !important;}&#8221;][vc_column][vc_column_text]<\/p>\n<h2>Nuestra metodolog\u00eda<\/h2>\n<p>En nuestros cursos preparatorios del TestDaF los alumnos son puestos en situaciones propias de las pruebas, en las cuales pueden dedicarse a trabajar con modelos de examen. Adem\u00e1s en el curso se tratan y practican ampliamente las \u00e1reas necesarias, como lectura, escritura, conversaci\u00f3n y audici\u00f3n.<\/p>\n<p>As\u00ed los alumnos ganan confianza con los modelos de la prueba y quedan sobradamente preparados para el TestDaf.<\/p>\n<h2>El TestDaF es necesario para estudiar en la universidad en Alemania<\/h2>\n<p>El TestDaf se implementa centralmente y est\u00e1 estandarizado. Los participantes asumen el pago de las tasas por las pruebas. Para los estudiantes provenientes de pa\u00edses no germanoparlantes el examen es imprescindible si quieren iniciar una carrera universitaria en Alemania. El grupo objeto de las pruebas son los solicitantes de estudios que obtuvieron el acceso a estudios superiores en un centro extranjero pero ahora quieren estudiar en Alemania. Tambi\u00e9n muchos solicitantes han empezado su carrera en una universidad extranjera, y quieren ahora continuarla en M\u00fanich. La ley estatal de educaci\u00f3n superior prev\u00e9 que estos solicitantes deben aportar un certificado con el nivel de idioma necesario.<\/p>\n<h2>Requisitos para la prueba<\/h2>\n<p>Ya debe disponer de un buen domino de alem\u00e1n si quiere superar con \u00e9xito el TestDaF. Recomendamos como m\u00ednimo el nivel B2. En ning\u00fan caso es posible con conocimientos de nivel b\u00e1sico. El examen comprueba la capacidad ling\u00fc\u00edstica que le permite atender una clase o un seminario universitario. Por esta raz\u00f3n se precisan como m\u00ednimo conocimientos medios, a\u00fan mejor si son superiores, sobre el nivel C1.[\/vc_column_text][\/vc_column][\/vc_row][vc_row full_width=&#8221;stretch_row&#8221; css=&#8221;.vc_custom_1488374726768{padding-top: 30px !important;padding-bottom: 30px !important;background-color: #f9f9f9 !important;}&#8221;][vc_column][vc_row_inner][vc_column_inner width=&#8221;1\/2&#8243;][vc_column_text]<\/p>\n<h2>As\u00ed se desarrolla el TestDaF<\/h2>\n<p>La prueba se basan en cuatro \u00e1reas de diferente duraci\u00f3n. Estas son:<\/p>\n<ul>\n<li>Comprensi\u00f3n escrita (duraci\u00f3n 60 minutos)<\/li>\n<li>Comprensi\u00f3n oral (duraci\u00f3n 40 minutos)<\/li>\n<li>Expresi\u00f3n escrita (duraci\u00f3n 60 minutos)<\/li>\n<li>Expresi\u00f3n oral (duraci\u00f3n 35 minutos, prueba individual asistida por ordenador)<\/li>\n<\/ul>\n<p>[\/vc_column_text][vc_column_text]En primer lugar la prueba gira en torno a si usted es capaz de comprender textos o audiciones especializados (comprensi\u00f3n oral y escrita) y participar en una conversaci\u00f3n compleja de manera adecuada (expresi\u00f3n oral y escrita). No es suficiente con aprender solo reglas gramaticales. Debe demostrar que posee una alta capacidad comunicativa en la lengua. Adem\u00e1s es \u00fatil familiarizarse con el formato de la prueba.[\/vc_column_text][\/vc_column_inner][vc_column_inner width=&#8221;1\/2&#8243;][vc_video link=&#8221;https:\/\/youtu.be\/wE4DnMj1Gwo&#8221; css=&#8221;.vc_custom_1672311681802{padding-top: 25px !important;}&#8221;][\/vc_column_inner][\/vc_row_inner][vc_column_text]<\/p>\n<h2>Inscripci\u00f3n y ayuda en la preparaci\u00f3n<\/h2>\n<p>Si est\u00e1 intersado en el TestDaF puede contactarnos por E-Mail o por t\u00e9lefon. En nuestra escuela de Alem\u00e1n en M\u00fanich hablamos castellano.[\/vc_column_text][\/vc_column][\/vc_row]<\/p>\n","protected":false},"excerpt":{"rendered":"<p>[vc_row css=&#8221;.vc_custom_1488374174470{padding-top: 30px !important;padding-bottom: 30px !important;}&#8221;][vc_column width=&#8221;1\/2&#8243;][vc_column_text] Curso de alem\u00e1n de preparaci\u00f3n para el examen TestDaF en M\u00fanich Cursos de preparaci\u00f3n TestDaF en M\u00fanich y toda la informaci\u00f3n sobre el Examen-TestDaF! Curso de alem\u00e1n de preparaci\u00f3n para el examen TestDaF para Universidades e institutos superiores. Para poder estudiar en una universidad alemana o en un&hellip; <a class=\"read-more\" href=\"https:\/\/www.sprachschule-aktiv-muenchen.de\/es\/cursos-de-aleman-testdaf-munich\/\" title=\"Read TestDaF Cursos de preparaci\u00f3n\">Read more &raquo;<\/a><\/p>\n","protected":false},"author":2,"featured_media":0,"parent":0,"menu_order":0,"comment_status":"closed","ping_status":"closed","template":"","meta":{"footnotes":""},"class_list":["post-18448","page","type-page","status-publish","hentry"],"yoast_head":"<!-- This site is optimized with the Yoast SEO plugin v27.1.1 - https:\/\/yoast.com\/product\/yoast-seo-wordpress\/ -->\n<title>Cursos de preparaci\u00f3n para el examen TestDaF en M\u00fanich<\/title>\n<meta name=\"description\" content=\"Curso de alem\u00e1n de preparaci\u00f3n para el examen TestDaF para Universidades e institutos superiores. Cursos intensivos TestDaF y examen en M\u00fanich.\" \/>\n<meta name=\"robots\" content=\"index, follow, max-snippet:-1, max-image-preview:large, max-video-preview:-1\" \/>\n<link rel=\"canonical\" href=\"https:\/\/www.sprachschule-aktiv-muenchen.de\/es\/cursos-de-aleman-testdaf-munich\/\" \/>\n<meta property=\"og:locale\" content=\"es_ES\" \/>\n<meta property=\"og:type\" content=\"article\" \/>\n<meta property=\"og:title\" content=\"Cursos de preparaci\u00f3n para el examen TestDaF en M\u00fanich\" \/>\n<meta property=\"og:description\" content=\"Curso de alem\u00e1n de preparaci\u00f3n para el examen TestDaF para Universidades e institutos superiores. Cursos intensivos TestDaF y examen en M\u00fanich.\" \/>\n<meta property=\"og:url\" content=\"https:\/\/www.sprachschule-aktiv-muenchen.de\/es\/cursos-de-aleman-testdaf-munich\/\" \/>\n<meta property=\"og:site_name\" content=\"Sprachschule Aktiv\" \/>\n<meta property=\"article:modified_time\" content=\"2026-02-24T12:04:37+00:00\" \/>\n<meta property=\"og:image\" content=\"https:\/\/www.sprachschule-aktiv-muenchen.de\/wp-content\/uploads\/2019\/11\/boton-inscribite.png\" \/>\n<meta name=\"twitter:card\" content=\"summary_large_image\" \/>\n<meta name=\"twitter:label1\" content=\"Tiempo de lectura\" \/>\n\t<meta name=\"twitter:data1\" content=\"5 minutos\" \/>\n<script type=\"application\/ld+json\" class=\"yoast-schema-graph\">{\"@context\":\"https:\/\/schema.org\",\"@graph\":[{\"@type\":\"WebPage\",\"@id\":\"https:\/\/www.sprachschule-aktiv-muenchen.de\/es\/cursos-de-aleman-testdaf-munich\/\",\"url\":\"https:\/\/www.sprachschule-aktiv-muenchen.de\/es\/cursos-de-aleman-testdaf-munich\/\",\"name\":\"Cursos de preparaci\u00f3n para el examen TestDaF en M\u00fanich\",\"isPartOf\":{\"@id\":\"https:\/\/www.sprachschule-aktiv-muenchen.de\/#website\"},\"primaryImageOfPage\":{\"@id\":\"https:\/\/www.sprachschule-aktiv-muenchen.de\/es\/cursos-de-aleman-testdaf-munich\/#primaryimage\"},\"image\":{\"@id\":\"https:\/\/www.sprachschule-aktiv-muenchen.de\/es\/cursos-de-aleman-testdaf-munich\/#primaryimage\"},\"thumbnailUrl\":\"https:\/\/www.sprachschule-aktiv-muenchen.de\/wp-content\/uploads\/2019\/11\/boton-inscribite.png\",\"datePublished\":\"2017-03-01T11:02:35+00:00\",\"dateModified\":\"2026-02-24T12:04:37+00:00\",\"description\":\"Curso de alem\u00e1n de preparaci\u00f3n para el examen TestDaF para Universidades e institutos superiores. Cursos intensivos TestDaF y examen en M\u00fanich.\",\"breadcrumb\":{\"@id\":\"https:\/\/www.sprachschule-aktiv-muenchen.de\/es\/cursos-de-aleman-testdaf-munich\/#breadcrumb\"},\"inLanguage\":\"es\",\"potentialAction\":[{\"@type\":\"ReadAction\",\"target\":[\"https:\/\/www.sprachschule-aktiv-muenchen.de\/es\/cursos-de-aleman-testdaf-munich\/\"]}]},{\"@type\":\"ImageObject\",\"inLanguage\":\"es\",\"@id\":\"https:\/\/www.sprachschule-aktiv-muenchen.de\/es\/cursos-de-aleman-testdaf-munich\/#primaryimage\",\"url\":\"https:\/\/www.sprachschule-aktiv-muenchen.de\/wp-content\/uploads\/2019\/11\/boton-inscribite.png\",\"contentUrl\":\"https:\/\/www.sprachschule-aktiv-muenchen.de\/wp-content\/uploads\/2019\/11\/boton-inscribite.png\"},{\"@type\":\"BreadcrumbList\",\"@id\":\"https:\/\/www.sprachschule-aktiv-muenchen.de\/es\/cursos-de-aleman-testdaf-munich\/#breadcrumb\",\"itemListElement\":[{\"@type\":\"ListItem\",\"position\":1,\"name\":\"Portada\",\"item\":\"https:\/\/www.sprachschule-aktiv-muenchen.de\/es\/\"},{\"@type\":\"ListItem\",\"position\":2,\"name\":\"TestDaF Cursos de preparaci\u00f3n\"}]},{\"@type\":\"WebSite\",\"@id\":\"https:\/\/www.sprachschule-aktiv-muenchen.de\/#website\",\"url\":\"https:\/\/www.sprachschule-aktiv-muenchen.de\/\",\"name\":\"Sprachschule Aktiv\",\"description\":\"\",\"potentialAction\":[{\"@type\":\"SearchAction\",\"target\":{\"@type\":\"EntryPoint\",\"urlTemplate\":\"https:\/\/www.sprachschule-aktiv-muenchen.de\/?s={search_term_string}\"},\"query-input\":{\"@type\":\"PropertyValueSpecification\",\"valueRequired\":true,\"valueName\":\"search_term_string\"}}],\"inLanguage\":\"es\"}]}<\/script>\n<!-- \/ Yoast SEO plugin. -->","yoast_head_json":{"title":"Cursos de preparaci\u00f3n para el examen TestDaF en M\u00fanich","description":"Curso de alem\u00e1n de preparaci\u00f3n para el examen TestDaF para Universidades e institutos superiores. Cursos intensivos TestDaF y examen en M\u00fanich.","robots":{"index":"index","follow":"follow","max-snippet":"max-snippet:-1","max-image-preview":"max-image-preview:large","max-video-preview":"max-video-preview:-1"},"canonical":"https:\/\/www.sprachschule-aktiv-muenchen.de\/es\/cursos-de-aleman-testdaf-munich\/","og_locale":"es_ES","og_type":"article","og_title":"Cursos de preparaci\u00f3n para el examen TestDaF en M\u00fanich","og_description":"Curso de alem\u00e1n de preparaci\u00f3n para el examen TestDaF para Universidades e institutos superiores. Cursos intensivos TestDaF y examen en M\u00fanich.","og_url":"https:\/\/www.sprachschule-aktiv-muenchen.de\/es\/cursos-de-aleman-testdaf-munich\/","og_site_name":"Sprachschule Aktiv","article_modified_time":"2026-02-24T12:04:37+00:00","og_image":[{"url":"https:\/\/www.sprachschule-aktiv-muenchen.de\/wp-content\/uploads\/2019\/11\/boton-inscribite.png","type":"","width":"","height":""}],"twitter_card":"summary_large_image","twitter_misc":{"Tiempo de lectura":"5 minutos"},"schema":{"@context":"https:\/\/schema.org","@graph":[{"@type":"WebPage","@id":"https:\/\/www.sprachschule-aktiv-muenchen.de\/es\/cursos-de-aleman-testdaf-munich\/","url":"https:\/\/www.sprachschule-aktiv-muenchen.de\/es\/cursos-de-aleman-testdaf-munich\/","name":"Cursos de preparaci\u00f3n para el examen TestDaF en M\u00fanich","isPartOf":{"@id":"https:\/\/www.sprachschule-aktiv-muenchen.de\/#website"},"primaryImageOfPage":{"@id":"https:\/\/www.sprachschule-aktiv-muenchen.de\/es\/cursos-de-aleman-testdaf-munich\/#primaryimage"},"image":{"@id":"https:\/\/www.sprachschule-aktiv-muenchen.de\/es\/cursos-de-aleman-testdaf-munich\/#primaryimage"},"thumbnailUrl":"https:\/\/www.sprachschule-aktiv-muenchen.de\/wp-content\/uploads\/2019\/11\/boton-inscribite.png","datePublished":"2017-03-01T11:02:35+00:00","dateModified":"2026-02-24T12:04:37+00:00","description":"Curso de alem\u00e1n de preparaci\u00f3n para el examen TestDaF para Universidades e institutos superiores. Cursos intensivos TestDaF y examen en M\u00fanich.","breadcrumb":{"@id":"https:\/\/www.sprachschule-aktiv-muenchen.de\/es\/cursos-de-aleman-testdaf-munich\/#breadcrumb"},"inLanguage":"es","potentialAction":[{"@type":"ReadAction","target":["https:\/\/www.sprachschule-aktiv-muenchen.de\/es\/cursos-de-aleman-testdaf-munich\/"]}]},{"@type":"ImageObject","inLanguage":"es","@id":"https:\/\/www.sprachschule-aktiv-muenchen.de\/es\/cursos-de-aleman-testdaf-munich\/#primaryimage","url":"https:\/\/www.sprachschule-aktiv-muenchen.de\/wp-content\/uploads\/2019\/11\/boton-inscribite.png","contentUrl":"https:\/\/www.sprachschule-aktiv-muenchen.de\/wp-content\/uploads\/2019\/11\/boton-inscribite.png"},{"@type":"BreadcrumbList","@id":"https:\/\/www.sprachschule-aktiv-muenchen.de\/es\/cursos-de-aleman-testdaf-munich\/#breadcrumb","itemListElement":[{"@type":"ListItem","position":1,"name":"Portada","item":"https:\/\/www.sprachschule-aktiv-muenchen.de\/es\/"},{"@type":"ListItem","position":2,"name":"TestDaF Cursos de preparaci\u00f3n"}]},{"@type":"WebSite","@id":"https:\/\/www.sprachschule-aktiv-muenchen.de\/#website","url":"https:\/\/www.sprachschule-aktiv-muenchen.de\/","name":"Sprachschule Aktiv","description":"","potentialAction":[{"@type":"SearchAction","target":{"@type":"EntryPoint","urlTemplate":"https:\/\/www.sprachschule-aktiv-muenchen.de\/?s={search_term_string}"},"query-input":{"@type":"PropertyValueSpecification","valueRequired":true,"valueName":"search_term_string"}}],"inLanguage":"es"}]}},"_links":{"self":[{"href":"https:\/\/www.sprachschule-aktiv-muenchen.de\/es\/wp-json\/wp\/v2\/pages\/18448","targetHints":{"allow":["GET"]}}],"collection":[{"href":"https:\/\/www.sprachschule-aktiv-muenchen.de\/es\/wp-json\/wp\/v2\/pages"}],"about":[{"href":"https:\/\/www.sprachschule-aktiv-muenchen.de\/es\/wp-json\/wp\/v2\/types\/page"}],"author":[{"embeddable":true,"href":"https:\/\/www.sprachschule-aktiv-muenchen.de\/es\/wp-json\/wp\/v2\/users\/2"}],"replies":[{"embeddable":true,"href":"https:\/\/www.sprachschule-aktiv-muenchen.de\/es\/wp-json\/wp\/v2\/comments?post=18448"}],"version-history":[{"count":11,"href":"https:\/\/www.sprachschule-aktiv-muenchen.de\/es\/wp-json\/wp\/v2\/pages\/18448\/revisions"}],"predecessor-version":[{"id":80331,"href":"https:\/\/www.sprachschule-aktiv-muenchen.de\/es\/wp-json\/wp\/v2\/pages\/18448\/revisions\/80331"}],"wp:attachment":[{"href":"https:\/\/www.sprachschule-aktiv-muenchen.de\/es\/wp-json\/wp\/v2\/media?parent=18448"}],"curies":[{"name":"wp","href":"https:\/\/api.w.org\/{rel}","templated":true}]}}